




















{"id":4511,"date":"2026-03-08T18:43:08","date_gmt":"2026-03-08T17:43:08","guid":{"rendered":"https:\/\/www.journal-eolien.org\/tout-sur-l-eolien\/?page_id=4511"},"modified":"2026-03-12T18:27:27","modified_gmt":"2026-03-12T17:27:27","slug":"l-eolien-et-l-armee","status":"publish","type":"page","link":"https:\/\/www.journal-eolien.org\/tout-sur-l-eolien\/l-eolien-et-l-armee\/","title":{"rendered":"L&rsquo;\u00e9olien et l&rsquo;arm\u00e9e"},"content":{"rendered":"\t\t<div data-elementor-type=\"wp-page\" data-elementor-id=\"4511\" class=\"elementor elementor-4511 elementor-bc-flex-widget\">\n\t\t\t\t\t\t<section class=\"elementor-section elementor-top-section elementor-element elementor-element-32dcace elementor-section-boxed elementor-section-height-default elementor-section-height-default\" data-id=\"32dcace\" data-element_type=\"section\" data-e-type=\"section\">\n\t\t\t\t\t\t<div class=\"elementor-container elementor-column-gap-no\">\n\t\t\t\t\t<div class=\"elementor-column elementor-col-100 elementor-top-column elementor-element elementor-element-1fb78b5\" data-id=\"1fb78b5\" data-element_type=\"column\" data-e-type=\"column\">\n\t\t\t<div class=\"elementor-widget-wrap elementor-element-populated\">\n\t\t\t\t\t\t<section class=\"elementor-section elementor-inner-section elementor-element elementor-element-7a1c8ab elementor-section-boxed elementor-section-height-default elementor-section-height-default\" data-id=\"7a1c8ab\" data-element_type=\"section\" data-e-type=\"section\">\n\t\t\t\t\t\t<div class=\"elementor-container elementor-column-gap-default\">\n\t\t\t\t\t<div class=\"elementor-column elementor-col-50 elementor-inner-column elementor-element elementor-element-c5df7f0\" data-id=\"c5df7f0\" data-element_type=\"column\" data-e-type=\"column\">\n\t\t\t<div class=\"elementor-widget-wrap elementor-element-populated\">\n\t\t\t\t\t\t<div class=\"elementor-element elementor-element-40bebb9 elementor-widget elementor-widget-image\" data-id=\"40bebb9\" data-element_type=\"widget\" data-e-type=\"widget\" data-widget_type=\"image.default\">\n\t\t\t\t\t\t\t\t\t\t\t\t\t\t\t<img decoding=\"async\" width=\"84\" height=\"93\" src=\"https:\/\/www.journal-eolien.org\/tout-sur-l-eolien\/wp-content\/uploads\/2017\/11\/technologies-enjeux.png\" class=\"attachment-full size-full wp-image-30\" alt=\"\" \/>\t\t\t\t\t\t\t\t\t\t\t\t\t\t\t<\/div>\n\t\t\t\t\t<\/div>\n\t\t<\/div>\n\t\t\t\t<div class=\"elementor-column elementor-col-50 elementor-inner-column elementor-element elementor-element-6e60657\" data-id=\"6e60657\" data-element_type=\"column\" data-e-type=\"column\">\n\t\t\t<div class=\"elementor-widget-wrap elementor-element-populated\">\n\t\t\t\t\t\t<div class=\"elementor-element elementor-element-1471d04 elementor-drop-cap-yes elementor-drop-cap-view-default elementor-widget elementor-widget-text-editor\" data-id=\"1471d04\" data-element_type=\"widget\" data-e-type=\"widget\" data-settings=\"{&quot;drop_cap&quot;:&quot;yes&quot;}\" data-widget_type=\"text-editor.default\">\n\t\t\t\t\t\t\t\t\t<h1><span style=\"color: #2e5e8f; font-weight: 300;\">Le d\u00e9veloppement de la fili\u00e8re<\/span><\/h1><h2><span style=\"color: #2e5e8f; font-weight: 600; font-size: 30px;\">L&rsquo;\u00e9olien et l&rsquo;arm\u00e9e<\/span><\/h2>\t\t\t\t\t\t\t\t<\/div>\n\t\t\t\t\t<\/div>\n\t\t<\/div>\n\t\t\t\t\t<\/div>\n\t\t<\/section>\n\t\t\t\t\t<\/div>\n\t\t<\/div>\n\t\t\t\t\t<\/div>\n\t\t<\/section>\n\t\t\t\t<section class=\"elementor-section elementor-top-section elementor-element elementor-element-d5e4a66 elementor-section-boxed elementor-section-height-default elementor-section-height-default\" data-id=\"d5e4a66\" data-element_type=\"section\" data-e-type=\"section\">\n\t\t\t\t\t\t<div class=\"elementor-container elementor-column-gap-default\">\n\t\t\t\t\t<div class=\"elementor-column elementor-col-66 elementor-top-column elementor-element elementor-element-11614fc colonne-gauche\" data-id=\"11614fc\" data-element_type=\"column\" data-e-type=\"column\">\n\t\t\t<div class=\"elementor-widget-wrap elementor-element-populated\">\n\t\t\t\t\t\t<div class=\"elementor-element elementor-element-a999eab elementor-widget elementor-widget-text-editor\" data-id=\"a999eab\" data-element_type=\"widget\" data-e-type=\"widget\" data-widget_type=\"text-editor.default\">\n\t\t\t\t\t\t\t\t\t<p><span style=\"color: #2e5e8f;\"><span style=\"font-size: 24px;\"><b>Une coexistence d\u00e9licate<\/b><\/span><\/span><\/p><p>La France dispose d\u2019un r\u00e9seau de <b>radars exploit\u00e9s par l\u2019Arm\u00e9e de l\u2019air<\/b> pour surveiller l\u2019espace a\u00e9rien, guider les a\u00e9ronefs militaires, d\u00e9tecter d\u2019\u00e9ventuelles intrusions et assurer la d\u00e9fense du territoire. Ces \u00e9quipements fonctionnent en \u00e9mettant des ondes qui se r\u00e9fl\u00e9chissent sur les objets en vol avant de revenir vers l\u2019antenne.<\/p><p>Les \u00e9oliennes, du fait de leur hauteur et du mouvement de leurs pales, peuvent \u00e9mettre diff\u00e9rents \u00e9chos qui vont\u00a0<b>interf\u00e9rer avec les signaux<\/b> \u00e9mis par les radars de l&rsquo;arm\u00e9e.<\/p><figure id=\"attachment_4526\" aria-describedby=\"caption-attachment-4526\" style=\"width: 744px\" class=\"wp-caption alignnone\"><a href=\"https:\/\/www.journal-eolien.org\/tout-sur-l-eolien\/wp-content\/uploads\/2026\/03\/2023_ASAP_103_O_009_013.jpg\"><img fetchpriority=\"high\" decoding=\"async\" class=\" wp-image-4526\" src=\"https:\/\/www.journal-eolien.org\/tout-sur-l-eolien\/wp-content\/uploads\/2026\/03\/2023_ASAP_103_O_009_013-300x200.jpg\" alt=\"\" width=\"744\" height=\"496\" srcset=\"https:\/\/www.journal-eolien.org\/tout-sur-l-eolien\/wp-content\/uploads\/2026\/03\/2023_ASAP_103_O_009_013-300x200.jpg 300w, https:\/\/www.journal-eolien.org\/tout-sur-l-eolien\/wp-content\/uploads\/2026\/03\/2023_ASAP_103_O_009_013-768x512.jpg 768w, https:\/\/www.journal-eolien.org\/tout-sur-l-eolien\/wp-content\/uploads\/2026\/03\/2023_ASAP_103_O_009_013-1024x683.jpg 1024w\" sizes=\"(max-width: 744px) 100vw, 744px\" \/><\/a><figcaption id=\"caption-attachment-4526\" class=\"wp-caption-text\">Un Fennec de l&rsquo;escadron d&rsquo;helicopteres \u00ab\u00a0Parisis\u00a0\u00bb survole un champ d&rsquo;eoliennes dans la province d&rsquo;Albacete en Espagne. \u00a9 S\u00e9bastien LAFARGUE \/ arm\u00e9e de l&rsquo;Air et de l&rsquo;Espace<\/figcaption><\/figure><p>Au-del\u00e0 des interf\u00e9rences de signal, les \u00e9oliennes peuvent \u00e9galement <b>compliquer l\u2019entra\u00eenement aux vols tactiques \u00e0 basse altitude<\/b>. Au cours de ces man\u0153uvres, les pilotes militaires volent tr\u00e8s pr\u00e8s du sol, parfois \u00e0 quelques dizaines ou centaines de m\u00e8tres, afin de reproduire des conditions de mission r\u00e9elles. Or, les \u00e9oliennes sont des structures assez hautes, pouvant atteindre plus de 200 m\u00e8tres en bout de pale, ce qui peut constituer un <b>obstacle dangereux<\/b> pour un pilote qui s\u2019entra\u00eene \u00e0 basse altitude. Lorsque les parcs se multiplient dans une r\u00e9gion, ils peuvent <b>fragmenter les couloirs de vol<\/b> utilis\u00e9s par les forces arm\u00e9es. L\u2019arm\u00e9e peut ainsi demander des adaptations ou s\u2019opposer \u00e0 des projets situ\u00e9s dans des secteurs jug\u00e9s strat\u00e9giques pour l\u2019entra\u00eenement.<\/p><div><p><span style=\"font-size: 16px;\">Enfin, il faut aussi prendre en compte les <\/span><b style=\"font-family: inherit; font-style: inherit;\">zones d&rsquo;entra\u00eenement des h\u00e9licopt\u00e8res de combat<\/b><span style=\"font-size: 16px;\"> et les <\/span><b style=\"font-family: inherit; font-style: inherit;\">p\u00e9rim\u00e8tres de protection autour des bases a\u00e9riennes<\/b><span style=\"font-size: 16px;\">, qui sont autant de surfaces soustraites au d\u00e9veloppement de projets \u00e9oliens. La fili\u00e8re \u00e9olienne avance ainsi que <\/span><b style=\"font-family: inherit; font-style: inherit;\">pr\u00e8s des trois quarts du territoire se trouvent sous contraintes militaires<\/b><span style=\"font-size: 16px;\">, et que le sujet des radars en particulier fait partie des premiers verrous de d\u00e9veloppement de nouveaux parcs \u00e9oliens.<\/span><\/p><\/div>\t\t\t\t\t\t\t\t<\/div>\n\t\t\t\t<div class=\"elementor-element elementor-element-a925c06 elementor-widget elementor-widget-text-editor\" data-id=\"a925c06\" data-element_type=\"widget\" data-e-type=\"widget\" data-widget_type=\"text-editor.default\">\n\t\t\t\t\t\t\t\t\t<p><span style=\"color: #2e5e8f;\"><span style=\"font-size: 24px;\"><b>Quelles sont les r\u00e8gles en France ?<\/b><\/span><\/span><\/p><p>En France, l\u2019implantation d\u2019un parc \u00e9olien \u00e0 proximit\u00e9 d\u2019une zone militaire est encadr\u00e9e par des r\u00e8gles strictes. Un <b>d\u00e9cret<\/b> et son arr\u00eat\u00e9 d&rsquo;application publi\u00e9s le <b>6 ao\u00fbt 2025<\/b> pr\u00e9voient qu\u2019<b>aucune \u00e9olienne ne peut \u00eatre install\u00e9e \u00e0 une distance inf\u00e9rieure ou \u00e9gale \u00e0 5 kilom\u00e8tres d&rsquo;un radar<\/b>. Au-del\u00e0 de cette zone d&rsquo;exclusion totale, un projet peut \u00eatre envisag\u00e9, mais sous certaines conditions. Tout d&rsquo;abord, les \u00e9oliennes ne doivent notamment pas se trouver en situation d\u2019<b>intervisibilit\u00e9 \u00e9lectromagn\u00e9tique simple<\/b> avec un\u00a0 radar, c\u2019est-\u00e0-dire vu par un seul radar dans son champ direct, sans obstacle naturel entre les deux (relief, colline, b\u00e2timent massif). <b>Si tel est le cas, le projet est refus\u00e9<\/b>. Si le parc se trouve au contraire en situation d&rsquo;intervisibilit\u00e9 multiple, vu par plusieurs radars, il peut obtenir un avis favorable de l&rsquo;arm\u00e9e.<\/p><figure id=\"attachment_4531\" aria-describedby=\"caption-attachment-4531\" style=\"width: 642px\" class=\"wp-caption alignnone\"><a href=\"https:\/\/www.journal-eolien.org\/tout-sur-l-eolien\/wp-content\/uploads\/2026\/03\/2025_ASAP_168_D_002_079.jpg\"><img decoding=\"async\" class=\" wp-image-4531\" src=\"https:\/\/www.journal-eolien.org\/tout-sur-l-eolien\/wp-content\/uploads\/2026\/03\/2025_ASAP_168_D_002_079-300x200.jpg\" alt=\"\" width=\"642\" height=\"428\" srcset=\"https:\/\/www.journal-eolien.org\/tout-sur-l-eolien\/wp-content\/uploads\/2026\/03\/2025_ASAP_168_D_002_079-300x200.jpg 300w, https:\/\/www.journal-eolien.org\/tout-sur-l-eolien\/wp-content\/uploads\/2026\/03\/2025_ASAP_168_D_002_079-768x512.jpg 768w, https:\/\/www.journal-eolien.org\/tout-sur-l-eolien\/wp-content\/uploads\/2026\/03\/2025_ASAP_168_D_002_079-1024x683.jpg 1024w\" sizes=\"(max-width: 642px) 100vw, 642px\" \/><\/a><figcaption id=\"caption-attachment-4531\" class=\"wp-caption-text\">Vol photo des deux Mirage 2000 au-dessus de La Reunion\u00a0\u00a9 Jean-Luc BRUNET \/ arm\u00e9e de l&rsquo;Air et l&rsquo;Espace<\/figcaption><\/figure><p>Entre <b>5 et 70 kilom\u00e8tres<\/b>, la hauteur des \u00e9oliennes doit \u00eatre <b>inf\u00e9rieure ou \u00e9gale \u00e0 200 m\u00e8tres en bout de pale<\/b>. Dans cette zone, l\u2019arm\u00e9e rend un avis au cas par cas. <b>Au-del\u00e0 de 70 kilom\u00e8tres<\/b>, l&rsquo;avis de l&rsquo;arm\u00e9e reste n\u00e9cessaire si la hauteur <b>d\u00e9passe 200 m\u00e8tres.\u00a0<\/b><\/p><p><span style=\"font-size: 16px;\">En cas de <\/span><span style=\"font-size: 16px; color: #2e5e8f;\"><b><a style=\"color: #2e5e8f;\" href=\"https:\/\/www.journal-eolien.org\/tout-sur-l-eolien\/repowering\/\" target=\"_blank\" rel=\"noopener\">repower<\/a>ing<\/b><\/span><span style=\"font-family: 'HelveticaNeue LT 45', Helvetica, Arial, sans-serif; font-style: normal; color: #2e5e8f; font-size: 24px; font-weight: bold;\">\u00a0<\/span><span style=\"font-size: 16px;\">d&rsquo;un parc \u00e9olien ancien, le d\u00e9cret du 6 ao\u00fbt 2025 dispose que le <b>nouveau parc ne doit pas augmenter la g\u00eane pour les radars <\/b>par rapport au parc initial, ce qui revient \u00e0 <b>imposer un<\/b> <b>renouvellement \u00e0 l&rsquo;identique<\/b>. Or, la logique du repowering veut que les anciennes \u00e9oliennes puissent \u00eatre remplac\u00e9es par des machines plus performantes et modernes, donc de plus hautes afin de produire davantage d&rsquo;\u00e9nergie \u00e0 un meilleur co\u00fbt. Cette r\u00e8gle, si elle est maintenue, risque par cons\u00e9quent de <b>fortement r\u00e9duire le potentiel du repowering<\/b> et de fortement compliquer la t\u00e2che des d\u00e9veloppeurs car les \u00e9oliennes de puissance et de taille moindres ont pratiquement <b>disparu des catalogues des fournisseurs<\/b>.<\/span><\/p>\t\t\t\t\t\t\t\t<\/div>\n\t\t\t\t<div class=\"elementor-element elementor-element-57114aa elementor-widget elementor-widget-text-editor\" data-id=\"57114aa\" data-element_type=\"widget\" data-e-type=\"widget\" data-widget_type=\"text-editor.default\">\n\t\t\t\t\t\t\t\t\t<p><span style=\"color: #2e5e8f;\"><span style=\"font-size: 24px;\"><b>La fili\u00e8re et l&rsquo;arm\u00e9e dialoguent<\/b><\/span><\/span><\/p><p>Les d\u00e9veloppeurs de projets \u00e9oliens et l\u2019arm\u00e9e discutent pour trouver des solutions techniques. L&rsquo;une des pistes \u00e9tudi\u00e9es porte sur les <b>radars de compensation<\/b>, d\u00e9j\u00e0 identifi\u00e9e par la loi d&rsquo;acc\u00e9l\u00e9ration des \u00e9nergies renouvelables de mars 2023. L&rsquo;id\u00e9e est d&rsquo;installer des <b>radars suppl\u00e9mentaires sur le territoire<\/b>, ce qui permettrait d&rsquo;<b>observer les parcs sous plusieurs angles et de r\u00e9duire les zones d&rsquo;ombre<\/b>. Les \u00e9changes, qui durent depuis plusieurs ann\u00e9es, concernent <b>le nombre de radars de compensation \u00e0 installer, leur emplacement et leur financement<\/b>. La troisi\u00e8me <b>programmation pluriannuelle de l\u2019\u00e9nergie<\/b>, publi\u00e9e en f\u00e9vrier 2026, \u00e9voque explicitement le d\u00e9veloppement des radars de compensation, parmi les actions pr\u00e9vues pour poursuivre le d\u00e9ploiement de l&rsquo;\u00e9olien terrestre.\u00a0<\/p>\t\t\t\t\t\t\t\t<\/div>\n\t\t\t\t<div class=\"elementor-element elementor-element-cc2b8ef elementor-widget elementor-widget-spacer\" data-id=\"cc2b8ef\" data-element_type=\"widget\" data-e-type=\"widget\" data-widget_type=\"spacer.default\">\n\t\t\t\t\t\t\t<div class=\"elementor-spacer\">\n\t\t\t<div class=\"elementor-spacer-inner\"><\/div>\n\t\t<\/div>\n\t\t\t\t\t\t<\/div>\n\t\t\t\t<div class=\"elementor-element elementor-element-696ca94 onglet-basdepage onglet-basdepage-1 elementor-tabs-view-horizontal elementor-widget elementor-widget-tabs\" data-id=\"696ca94\" data-element_type=\"widget\" data-e-type=\"widget\" data-widget_type=\"tabs.default\">\n\t\t\t\t\t\t\t<div class=\"elementor-tabs\">\n\t\t\t<div class=\"elementor-tabs-wrapper\" role=\"tablist\" >\n\t\t\t\t\t\t\t\t\t<div id=\"elementor-tab-title-1101\" class=\"elementor-tab-title elementor-tab-desktop-title\" aria-selected=\"true\" data-tab=\"1\" role=\"tab\" tabindex=\"0\" aria-controls=\"elementor-tab-content-1101\" aria-expanded=\"false\">AUTRES PAGES<\/div>\n\t\t\t\t\t\t\t<\/div>\n\t\t\t<div class=\"elementor-tabs-content-wrapper\" role=\"tablist\" aria-orientation=\"vertical\">\n\t\t\t\t\t\t\t\t\t<div class=\"elementor-tab-title elementor-tab-mobile-title\" aria-selected=\"true\" data-tab=\"1\" role=\"tab\" tabindex=\"0\" aria-controls=\"elementor-tab-content-1101\" aria-expanded=\"false\">AUTRES PAGES<\/div>\n\t\t\t\t\t<div id=\"elementor-tab-content-1101\" class=\"elementor-tab-content elementor-clearfix\" data-tab=\"1\" role=\"tabpanel\" aria-labelledby=\"elementor-tab-title-1101\" tabindex=\"0\" hidden=\"false\"><ul><li><a href=\"https:\/\/www.journal-eolien.org\/tout-sur-l-eolien\/repowering\/\">Le repowering<\/a><\/li><li><a href=\"http:\/\/www.journal-eolien.com\/tout-sur-l-eolien\/le-fonctionnement-d-une-eolienne\/\">Le fonctionnement d\u2019une \u00e9olienne<\/a><\/li><li><a href=\"https:\/\/www.journal-eolien.org\/tout-sur-l-eolien\/les-objectifs-pour-l-eolien-en-france\/\">Les objectifs pour l&rsquo;\u00e9olien en France<\/a><\/li><\/ul><\/div>\n\t\t\t\t\t\t\t<\/div>\n\t\t<\/div>\n\t\t\t\t\t\t<\/div>\n\t\t\t\t<div class=\"elementor-element elementor-element-d713bb1 onglet-basdepage onglet-basdepage-2 elementor-tabs-view-horizontal elementor-widget elementor-widget-tabs\" data-id=\"d713bb1\" data-element_type=\"widget\" data-e-type=\"widget\" data-widget_type=\"tabs.default\">\n\t\t\t\t\t\t\t<div class=\"elementor-tabs\">\n\t\t\t<div class=\"elementor-tabs-wrapper\" role=\"tablist\" >\n\t\t\t\t\t\t\t\t\t<div id=\"elementor-tab-title-2251\" class=\"elementor-tab-title elementor-tab-desktop-title\" aria-selected=\"true\" data-tab=\"1\" role=\"tab\" tabindex=\"0\" aria-controls=\"elementor-tab-content-2251\" aria-expanded=\"false\">DOCUMENTATION<\/div>\n\t\t\t\t\t\t\t<\/div>\n\t\t\t<div class=\"elementor-tabs-content-wrapper\" role=\"tablist\" aria-orientation=\"vertical\">\n\t\t\t\t\t\t\t\t\t<div class=\"elementor-tab-title elementor-tab-mobile-title\" aria-selected=\"true\" data-tab=\"1\" role=\"tab\" tabindex=\"0\" aria-controls=\"elementor-tab-content-2251\" aria-expanded=\"false\">DOCUMENTATION<\/div>\n\t\t\t\t\t<div id=\"elementor-tab-content-2251\" class=\"elementor-tab-content elementor-clearfix\" data-tab=\"1\" role=\"tabpanel\" aria-labelledby=\"elementor-tab-title-2251\" tabindex=\"0\" hidden=\"false\"><ul><li><a href=\"https:\/\/energies-renouvelables.org\/barometre-electrique\/\" target=\"_blank\" rel=\"noopener\">Barom\u00e8tre de l\u2019\u00e9lectricit\u00e9 renouvelable en France<\/a><\/li><li><a href=\"https:\/\/www.eurobserv-er.org\/category\/all-wind-energy-barometers\/\" target=\"_blank\" rel=\"noopener\">Les barom\u00e8tres EurObserv\u2019ER<\/a><\/li><\/ul><\/div>\n\t\t\t\t\t\t\t<\/div>\n\t\t<\/div>\n\t\t\t\t\t\t<\/div>\n\t\t\t\t\t<\/div>\n\t\t<\/div>\n\t\t\t\t<div class=\"elementor-column elementor-col-33 elementor-top-column elementor-element elementor-element-b5ea165 colonne-droite\" data-id=\"b5ea165\" data-element_type=\"column\" data-e-type=\"column\">\n\t\t\t<div class=\"elementor-widget-wrap elementor-element-populated\">\n\t\t\t\t\t\t<div class=\"elementor-element elementor-element-3458a69 elementor-widget elementor-widget-spacer\" data-id=\"3458a69\" data-element_type=\"widget\" data-e-type=\"widget\" data-widget_type=\"spacer.default\">\n\t\t\t\t\t\t\t<div class=\"elementor-spacer\">\n\t\t\t<div class=\"elementor-spacer-inner\"><\/div>\n\t\t<\/div>\n\t\t\t\t\t\t<\/div>\n\t\t\t\t<div class=\"elementor-element elementor-element-62d9373 elementor-widget elementor-widget-text-editor\" data-id=\"62d9373\" data-element_type=\"widget\" data-e-type=\"widget\" data-widget_type=\"text-editor.default\">\n\t\t\t\t\t\t\t\t\t<p><a href=\"https:\/\/www.journal-eolien.org\/tout-sur-l-eolien\/wp-content\/uploads\/2017\/12\/picto-lignes.png\"><img loading=\"lazy\" decoding=\"async\" class=\"alignnone size-full wp-image-278\" src=\"https:\/\/www.journal-eolien.org\/tout-sur-l-eolien\/wp-content\/uploads\/2017\/12\/picto-lignes.png\" alt=\"\" width=\"36\" height=\"31\" \/><\/a> LEXIQUE<\/p>\t\t\t\t\t\t\t\t<\/div>\n\t\t\t\t<div class=\"elementor-element elementor-element-4b903f7 elementor-widget elementor-widget-text-editor\" data-id=\"4b903f7\" data-element_type=\"widget\" data-e-type=\"widget\" data-widget_type=\"text-editor.default\">\n\t\t\t\t\t\t\t\t\t<p>Les diff\u00e9rents \u00e9chos associ\u00e9s aux \u00e9oliennes sont des ph\u00e9nom\u00e8nes acoustiques qui peuvent se traduire par un signal constant, <strong>un \u00e9cho fixe produit par le m\u00e2t<\/strong>, ou r\u00e9current, <strong>les \u00e9chos mobiles produits par les pales<\/strong>. Ces signaux vont \u00eatre per\u00e7us par des syst\u00e8mes de d\u00e9tection comme les radars militaires ou civils (notamment ceux de M\u00e9t\u00e9o-France) qui peuvent parfois se m\u00e9prendre sur leur signification. Ainsi, la rotation des \u00e9oliennes peut simuler un objet en mouvement qui sera interpr\u00e9t\u00e9 par un radar comme pouvant \u00eatre un avion en vol ou une zone de pluie se d\u00e9pla\u00e7ant.<\/p>\t\t\t\t\t\t\t\t<\/div>\n\t\t\t\t\t<\/div>\n\t\t<\/div>\n\t\t\t\t\t<\/div>\n\t\t<\/section>\n\t\t\t\t<\/div>\n\t\t","protected":false},"excerpt":{"rendered":"<p>Le d\u00e9veloppement de la fili\u00e8re L&rsquo;\u00e9olien et l&rsquo;arm\u00e9e Une coexistence d\u00e9licate La France dispose d\u2019un r\u00e9seau de radars exploit\u00e9s par l\u2019Arm\u00e9e de l\u2019air pour surveiller l\u2019espace a\u00e9rien, guider les a\u00e9ronefs militaires, d\u00e9tecter d\u2019\u00e9ventuelles intrusions et assurer la d\u00e9fense du territoire. Ces \u00e9quipements fonctionnent en \u00e9mettant des ondes qui se r\u00e9fl\u00e9chissent sur les objets en vol [&hellip;]<\/p>\n","protected":false},"author":1,"featured_media":0,"parent":0,"menu_order":0,"comment_status":"closed","ping_status":"closed","template":"","meta":{"footnotes":""},"class_list":["post-4511","page","type-page","status-publish","hentry"],"yoast_head":"<!-- This site is optimized with the Yoast SEO plugin v27.4 - https:\/\/yoast.com\/product\/yoast-seo-wordpress\/ -->\n<title>L&#039;\u00e9olien et l&#039;arm\u00e9e - Journal de l&#039;\u00e9olien - Tout sur l&#039;\u00e9olien<\/title>\n<meta name=\"robots\" content=\"index, follow, max-snippet:-1, max-image-preview:large, max-video-preview:-1\" \/>\n<link rel=\"canonical\" href=\"https:\/\/www.journal-eolien.org\/tout-sur-l-eolien\/l-eolien-et-l-armee\/\" \/>\n<meta property=\"og:locale\" content=\"fr_FR\" \/>\n<meta property=\"og:type\" content=\"article\" \/>\n<meta property=\"og:title\" content=\"L&#039;\u00e9olien et l&#039;arm\u00e9e - Journal de l&#039;\u00e9olien - Tout sur l&#039;\u00e9olien\" \/>\n<meta property=\"og:description\" content=\"Le d\u00e9veloppement de la fili\u00e8re L&rsquo;\u00e9olien et l&rsquo;arm\u00e9e Une coexistence d\u00e9licate La France dispose d\u2019un r\u00e9seau de radars exploit\u00e9s par l\u2019Arm\u00e9e de l\u2019air pour surveiller l\u2019espace a\u00e9rien, guider les a\u00e9ronefs militaires, d\u00e9tecter d\u2019\u00e9ventuelles intrusions et assurer la d\u00e9fense du territoire. Ces \u00e9quipements fonctionnent en \u00e9mettant des ondes qui se r\u00e9fl\u00e9chissent sur les objets en vol [&hellip;]\" \/>\n<meta property=\"og:url\" content=\"https:\/\/www.journal-eolien.org\/tout-sur-l-eolien\/l-eolien-et-l-armee\/\" \/>\n<meta property=\"og:site_name\" content=\"Journal de l&#039;\u00e9olien - Tout sur l&#039;\u00e9olien\" \/>\n<meta property=\"article:modified_time\" content=\"2026-03-12T17:27:27+00:00\" \/>\n<meta property=\"og:image\" content=\"https:\/\/www.journal-eolien.org\/tout-sur-l-eolien\/wp-content\/uploads\/2017\/11\/technologies-enjeux.png\" \/>\n\t<meta property=\"og:image:width\" content=\"84\" \/>\n\t<meta property=\"og:image:height\" content=\"93\" \/>\n\t<meta property=\"og:image:type\" content=\"image\/png\" \/>\n<meta name=\"twitter:card\" content=\"summary_large_image\" \/>\n<meta name=\"twitter:label1\" content=\"Dur\u00e9e de lecture estim\u00e9e\" \/>\n\t<meta name=\"twitter:data1\" content=\"5 minutes\" \/>\n<script type=\"application\/ld+json\" class=\"yoast-schema-graph\">{\"@context\":\"https:\\\/\\\/schema.org\",\"@graph\":[{\"@type\":\"WebPage\",\"@id\":\"https:\\\/\\\/www.journal-eolien.org\\\/tout-sur-l-eolien\\\/l-eolien-et-l-armee\\\/\",\"url\":\"https:\\\/\\\/www.journal-eolien.org\\\/tout-sur-l-eolien\\\/l-eolien-et-l-armee\\\/\",\"name\":\"L'\u00e9olien et l'arm\u00e9e - Journal de l&#039;\u00e9olien - Tout sur l&#039;\u00e9olien\",\"isPartOf\":{\"@id\":\"https:\\\/\\\/www.journal-eolien.org\\\/tout-sur-l-eolien\\\/#website\"},\"primaryImageOfPage\":{\"@id\":\"https:\\\/\\\/www.journal-eolien.org\\\/tout-sur-l-eolien\\\/l-eolien-et-l-armee\\\/#primaryimage\"},\"image\":{\"@id\":\"https:\\\/\\\/www.journal-eolien.org\\\/tout-sur-l-eolien\\\/l-eolien-et-l-armee\\\/#primaryimage\"},\"thumbnailUrl\":\"https:\\\/\\\/www.journal-eolien.org\\\/tout-sur-l-eolien\\\/wp-content\\\/uploads\\\/2017\\\/11\\\/technologies-enjeux.png\",\"datePublished\":\"2026-03-08T17:43:08+00:00\",\"dateModified\":\"2026-03-12T17:27:27+00:00\",\"breadcrumb\":{\"@id\":\"https:\\\/\\\/www.journal-eolien.org\\\/tout-sur-l-eolien\\\/l-eolien-et-l-armee\\\/#breadcrumb\"},\"inLanguage\":\"fr-FR\",\"potentialAction\":[{\"@type\":\"ReadAction\",\"target\":[\"https:\\\/\\\/www.journal-eolien.org\\\/tout-sur-l-eolien\\\/l-eolien-et-l-armee\\\/\"]}]},{\"@type\":\"ImageObject\",\"inLanguage\":\"fr-FR\",\"@id\":\"https:\\\/\\\/www.journal-eolien.org\\\/tout-sur-l-eolien\\\/l-eolien-et-l-armee\\\/#primaryimage\",\"url\":\"https:\\\/\\\/www.journal-eolien.org\\\/tout-sur-l-eolien\\\/wp-content\\\/uploads\\\/2017\\\/11\\\/technologies-enjeux.png\",\"contentUrl\":\"https:\\\/\\\/www.journal-eolien.org\\\/tout-sur-l-eolien\\\/wp-content\\\/uploads\\\/2017\\\/11\\\/technologies-enjeux.png\",\"width\":84,\"height\":93},{\"@type\":\"BreadcrumbList\",\"@id\":\"https:\\\/\\\/www.journal-eolien.org\\\/tout-sur-l-eolien\\\/l-eolien-et-l-armee\\\/#breadcrumb\",\"itemListElement\":[{\"@type\":\"ListItem\",\"position\":1,\"name\":\"Accueil\",\"item\":\"https:\\\/\\\/www.journal-eolien.org\\\/tout-sur-l-eolien\\\/\"},{\"@type\":\"ListItem\",\"position\":2,\"name\":\"L&rsquo;\u00e9olien et l&rsquo;arm\u00e9e\"}]},{\"@type\":\"WebSite\",\"@id\":\"https:\\\/\\\/www.journal-eolien.org\\\/tout-sur-l-eolien\\\/#website\",\"url\":\"https:\\\/\\\/www.journal-eolien.org\\\/tout-sur-l-eolien\\\/\",\"name\":\"Journal de l&#039;\u00e9olien - Tout sur l&#039;\u00e9olien\",\"description\":\"\",\"potentialAction\":[{\"@type\":\"SearchAction\",\"target\":{\"@type\":\"EntryPoint\",\"urlTemplate\":\"https:\\\/\\\/www.journal-eolien.org\\\/tout-sur-l-eolien\\\/?s={search_term_string}\"},\"query-input\":{\"@type\":\"PropertyValueSpecification\",\"valueRequired\":true,\"valueName\":\"search_term_string\"}}],\"inLanguage\":\"fr-FR\"}]}<\/script>\n<!-- \/ Yoast SEO plugin. -->","yoast_head_json":{"title":"L'\u00e9olien et l'arm\u00e9e - Journal de l&#039;\u00e9olien - Tout sur l&#039;\u00e9olien","robots":{"index":"index","follow":"follow","max-snippet":"max-snippet:-1","max-image-preview":"max-image-preview:large","max-video-preview":"max-video-preview:-1"},"canonical":"https:\/\/www.journal-eolien.org\/tout-sur-l-eolien\/l-eolien-et-l-armee\/","og_locale":"fr_FR","og_type":"article","og_title":"L'\u00e9olien et l'arm\u00e9e - Journal de l&#039;\u00e9olien - Tout sur l&#039;\u00e9olien","og_description":"Le d\u00e9veloppement de la fili\u00e8re L&rsquo;\u00e9olien et l&rsquo;arm\u00e9e Une coexistence d\u00e9licate La France dispose d\u2019un r\u00e9seau de radars exploit\u00e9s par l\u2019Arm\u00e9e de l\u2019air pour surveiller l\u2019espace a\u00e9rien, guider les a\u00e9ronefs militaires, d\u00e9tecter d\u2019\u00e9ventuelles intrusions et assurer la d\u00e9fense du territoire. Ces \u00e9quipements fonctionnent en \u00e9mettant des ondes qui se r\u00e9fl\u00e9chissent sur les objets en vol [&hellip;]","og_url":"https:\/\/www.journal-eolien.org\/tout-sur-l-eolien\/l-eolien-et-l-armee\/","og_site_name":"Journal de l&#039;\u00e9olien - Tout sur l&#039;\u00e9olien","article_modified_time":"2026-03-12T17:27:27+00:00","og_image":[{"width":84,"height":93,"url":"https:\/\/www.journal-eolien.org\/tout-sur-l-eolien\/wp-content\/uploads\/2017\/11\/technologies-enjeux.png","type":"image\/png"}],"twitter_card":"summary_large_image","twitter_misc":{"Dur\u00e9e de lecture estim\u00e9e":"5 minutes"},"schema":{"@context":"https:\/\/schema.org","@graph":[{"@type":"WebPage","@id":"https:\/\/www.journal-eolien.org\/tout-sur-l-eolien\/l-eolien-et-l-armee\/","url":"https:\/\/www.journal-eolien.org\/tout-sur-l-eolien\/l-eolien-et-l-armee\/","name":"L'\u00e9olien et l'arm\u00e9e - Journal de l&#039;\u00e9olien - Tout sur l&#039;\u00e9olien","isPartOf":{"@id":"https:\/\/www.journal-eolien.org\/tout-sur-l-eolien\/#website"},"primaryImageOfPage":{"@id":"https:\/\/www.journal-eolien.org\/tout-sur-l-eolien\/l-eolien-et-l-armee\/#primaryimage"},"image":{"@id":"https:\/\/www.journal-eolien.org\/tout-sur-l-eolien\/l-eolien-et-l-armee\/#primaryimage"},"thumbnailUrl":"https:\/\/www.journal-eolien.org\/tout-sur-l-eolien\/wp-content\/uploads\/2017\/11\/technologies-enjeux.png","datePublished":"2026-03-08T17:43:08+00:00","dateModified":"2026-03-12T17:27:27+00:00","breadcrumb":{"@id":"https:\/\/www.journal-eolien.org\/tout-sur-l-eolien\/l-eolien-et-l-armee\/#breadcrumb"},"inLanguage":"fr-FR","potentialAction":[{"@type":"ReadAction","target":["https:\/\/www.journal-eolien.org\/tout-sur-l-eolien\/l-eolien-et-l-armee\/"]}]},{"@type":"ImageObject","inLanguage":"fr-FR","@id":"https:\/\/www.journal-eolien.org\/tout-sur-l-eolien\/l-eolien-et-l-armee\/#primaryimage","url":"https:\/\/www.journal-eolien.org\/tout-sur-l-eolien\/wp-content\/uploads\/2017\/11\/technologies-enjeux.png","contentUrl":"https:\/\/www.journal-eolien.org\/tout-sur-l-eolien\/wp-content\/uploads\/2017\/11\/technologies-enjeux.png","width":84,"height":93},{"@type":"BreadcrumbList","@id":"https:\/\/www.journal-eolien.org\/tout-sur-l-eolien\/l-eolien-et-l-armee\/#breadcrumb","itemListElement":[{"@type":"ListItem","position":1,"name":"Accueil","item":"https:\/\/www.journal-eolien.org\/tout-sur-l-eolien\/"},{"@type":"ListItem","position":2,"name":"L&rsquo;\u00e9olien et l&rsquo;arm\u00e9e"}]},{"@type":"WebSite","@id":"https:\/\/www.journal-eolien.org\/tout-sur-l-eolien\/#website","url":"https:\/\/www.journal-eolien.org\/tout-sur-l-eolien\/","name":"Journal de l&#039;\u00e9olien - Tout sur l&#039;\u00e9olien","description":"","potentialAction":[{"@type":"SearchAction","target":{"@type":"EntryPoint","urlTemplate":"https:\/\/www.journal-eolien.org\/tout-sur-l-eolien\/?s={search_term_string}"},"query-input":{"@type":"PropertyValueSpecification","valueRequired":true,"valueName":"search_term_string"}}],"inLanguage":"fr-FR"}]}},"_links":{"self":[{"href":"https:\/\/www.journal-eolien.org\/tout-sur-l-eolien\/wp-json\/wp\/v2\/pages\/4511","targetHints":{"allow":["GET"]}}],"collection":[{"href":"https:\/\/www.journal-eolien.org\/tout-sur-l-eolien\/wp-json\/wp\/v2\/pages"}],"about":[{"href":"https:\/\/www.journal-eolien.org\/tout-sur-l-eolien\/wp-json\/wp\/v2\/types\/page"}],"author":[{"embeddable":true,"href":"https:\/\/www.journal-eolien.org\/tout-sur-l-eolien\/wp-json\/wp\/v2\/users\/1"}],"replies":[{"embeddable":true,"href":"https:\/\/www.journal-eolien.org\/tout-sur-l-eolien\/wp-json\/wp\/v2\/comments?post=4511"}],"version-history":[{"count":27,"href":"https:\/\/www.journal-eolien.org\/tout-sur-l-eolien\/wp-json\/wp\/v2\/pages\/4511\/revisions"}],"predecessor-version":[{"id":4547,"href":"https:\/\/www.journal-eolien.org\/tout-sur-l-eolien\/wp-json\/wp\/v2\/pages\/4511\/revisions\/4547"}],"wp:attachment":[{"href":"https:\/\/www.journal-eolien.org\/tout-sur-l-eolien\/wp-json\/wp\/v2\/media?parent=4511"}],"curies":[{"name":"wp","href":"https:\/\/api.w.org\/{rel}","templated":true}]}}