




















{"id":2314,"date":"2018-02-01T17:14:49","date_gmt":"2018-02-01T16:14:49","guid":{"rendered":"http:\/\/www.journal-eolien.org\/tout-sur-l-eolien\/?page_id=2314"},"modified":"2024-11-25T12:23:42","modified_gmt":"2024-11-25T11:23:42","slug":"organismes","status":"publish","type":"page","link":"https:\/\/www.journal-eolien.org\/tout-sur-l-eolien\/organismes\/","title":{"rendered":"Organismes"},"content":{"rendered":"\t\t<div data-elementor-type=\"wp-page\" data-elementor-id=\"2314\" class=\"elementor elementor-2314 elementor-bc-flex-widget\">\n\t\t\t\t\t\t<section class=\"elementor-section elementor-top-section elementor-element elementor-element-32dcace elementor-section-boxed elementor-section-height-default elementor-section-height-default\" data-id=\"32dcace\" data-element_type=\"section\" data-e-type=\"section\">\n\t\t\t\t\t\t<div class=\"elementor-container elementor-column-gap-no\">\n\t\t\t\t\t<div class=\"elementor-column elementor-col-100 elementor-top-column elementor-element elementor-element-1fb78b5\" data-id=\"1fb78b5\" data-element_type=\"column\" data-e-type=\"column\">\n\t\t\t<div class=\"elementor-widget-wrap elementor-element-populated\">\n\t\t\t\t\t\t<section class=\"elementor-section elementor-inner-section elementor-element elementor-element-7a1c8ab elementor-section-boxed elementor-section-height-default elementor-section-height-default\" data-id=\"7a1c8ab\" data-element_type=\"section\" data-e-type=\"section\">\n\t\t\t\t\t\t<div class=\"elementor-container elementor-column-gap-default\">\n\t\t\t\t\t<div class=\"elementor-column elementor-col-33 elementor-inner-column elementor-element elementor-element-c5df7f0\" data-id=\"c5df7f0\" data-element_type=\"column\" data-e-type=\"column\">\n\t\t\t<div class=\"elementor-widget-wrap elementor-element-populated\">\n\t\t\t\t\t\t<div class=\"elementor-element elementor-element-40bebb9 elementor-widget elementor-widget-image\" data-id=\"40bebb9\" data-element_type=\"widget\" data-e-type=\"widget\" data-widget_type=\"image.default\">\n\t\t\t\t\t\t\t\t\t\t\t\t\t\t\t<img decoding=\"async\" width=\"84\" height=\"93\" src=\"https:\/\/www.journal-eolien.org\/tout-sur-l-eolien\/wp-content\/uploads\/2017\/11\/ressources.png\" class=\"attachment-full size-full wp-image-29\" alt=\"Picto lexique\" \/>\t\t\t\t\t\t\t\t\t\t\t\t\t\t\t<\/div>\n\t\t\t\t\t<\/div>\n\t\t<\/div>\n\t\t\t\t<div class=\"elementor-column elementor-col-33 elementor-inner-column elementor-element elementor-element-6e60657\" data-id=\"6e60657\" data-element_type=\"column\" data-e-type=\"column\">\n\t\t\t<div class=\"elementor-widget-wrap elementor-element-populated\">\n\t\t\t\t\t\t<div class=\"elementor-element elementor-element-1471d04 elementor-drop-cap-yes elementor-drop-cap-view-default elementor-widget elementor-widget-text-editor\" data-id=\"1471d04\" data-element_type=\"widget\" data-e-type=\"widget\" data-settings=\"{&quot;drop_cap&quot;:&quot;yes&quot;}\" data-widget_type=\"text-editor.default\">\n\t\t\t\t\t\t\t\t\t<h1><span style=\"color: #2e5e8f; font-weight: 300;\">RESSOURCES<br \/> <\/span><\/h1><h2><span style=\"color: #2e5e8f; font-weight: 600; font-size: 30px;\">Organismes<br \/> <\/span><\/h2>\t\t\t\t\t\t\t\t<\/div>\n\t\t\t\t\t<\/div>\n\t\t<\/div>\n\t\t\t\t<div class=\"elementor-column elementor-col-33 elementor-inner-column elementor-element elementor-element-f159d5b\" data-id=\"f159d5b\" data-element_type=\"column\" data-e-type=\"column\">\n\t\t\t<div class=\"elementor-widget-wrap\">\n\t\t\t\t\t\t\t<\/div>\n\t\t<\/div>\n\t\t\t\t\t<\/div>\n\t\t<\/section>\n\t\t\t\t\t<\/div>\n\t\t<\/div>\n\t\t\t\t\t<\/div>\n\t\t<\/section>\n\t\t\t\t<section class=\"elementor-section elementor-top-section elementor-element elementor-element-154e9f6 elementor-section-boxed elementor-section-height-default elementor-section-height-default\" data-id=\"154e9f6\" data-element_type=\"section\" data-e-type=\"section\">\n\t\t\t\t\t\t<div class=\"elementor-container elementor-column-gap-default\">\n\t\t\t\t\t<div class=\"elementor-column elementor-col-100 elementor-top-column elementor-element elementor-element-61534f1\" data-id=\"61534f1\" data-element_type=\"column\" data-e-type=\"column\">\n\t\t\t<div class=\"elementor-widget-wrap elementor-element-populated\">\n\t\t\t\t\t\t<div class=\"elementor-element elementor-element-35c281f elementor-widget elementor-widget-text-editor\" data-id=\"35c281f\" data-element_type=\"widget\" data-e-type=\"widget\" data-widget_type=\"text-editor.default\">\n\t\t\t\t\t\t\t\t\t<h4><strong>Institutionnels nationaux<\/strong><\/h4>\t\t\t\t\t\t\t\t<\/div>\n\t\t\t\t\t<\/div>\n\t\t<\/div>\n\t\t\t\t\t<\/div>\n\t\t<\/section>\n\t\t\t\t<section class=\"elementor-section elementor-top-section elementor-element elementor-element-aabc302 elementor-section-boxed elementor-section-height-default elementor-section-height-default\" data-id=\"aabc302\" data-element_type=\"section\" data-e-type=\"section\">\n\t\t\t\t\t\t<div class=\"elementor-container elementor-column-gap-default\">\n\t\t\t\t\t<div class=\"elementor-column elementor-col-100 elementor-top-column elementor-element elementor-element-578da65\" data-id=\"578da65\" data-element_type=\"column\" data-e-type=\"column\">\n\t\t\t<div class=\"elementor-widget-wrap elementor-element-populated\">\n\t\t\t\t\t\t<section class=\"elementor-section elementor-inner-section elementor-element elementor-element-12e6931 elementor-section-boxed elementor-section-height-default elementor-section-height-default\" data-id=\"12e6931\" data-element_type=\"section\" data-e-type=\"section\">\n\t\t\t\t\t\t<div class=\"elementor-container elementor-column-gap-default\">\n\t\t\t\t\t<div class=\"elementor-column elementor-col-100 elementor-inner-column elementor-element elementor-element-aeadd86\" data-id=\"aeadd86\" data-element_type=\"column\" data-e-type=\"column\">\n\t\t\t<div class=\"elementor-widget-wrap elementor-element-populated\">\n\t\t\t\t\t\t<div class=\"elementor-element elementor-element-2a10183 elementor-widget elementor-widget-text-editor\" data-id=\"2a10183\" data-element_type=\"widget\" data-e-type=\"widget\" data-widget_type=\"text-editor.default\">\n\t\t\t\t\t\t\t\t\t<p><strong>Agence de la transition \u00e9cologique<a href=\"https:\/\/www.journal-eolien.org\/tout-sur-l-eolien\/wp-content\/uploads\/2024\/11\/Logo-Ademe-2020.jpg\"><img decoding=\"async\" class=\" wp-image-4046 alignleft\" src=\"https:\/\/www.journal-eolien.org\/tout-sur-l-eolien\/wp-content\/uploads\/2024\/11\/Logo-Ademe-2020.jpg\" alt=\"\" width=\"162\" height=\"185\" srcset=\"https:\/\/www.journal-eolien.org\/tout-sur-l-eolien\/wp-content\/uploads\/2024\/11\/Logo-Ademe-2020.jpg 952w, https:\/\/www.journal-eolien.org\/tout-sur-l-eolien\/wp-content\/uploads\/2024\/11\/Logo-Ademe-2020-263x300.jpg 263w, https:\/\/www.journal-eolien.org\/tout-sur-l-eolien\/wp-content\/uploads\/2024\/11\/Logo-Ademe-2020-768x876.jpg 768w, https:\/\/www.journal-eolien.org\/tout-sur-l-eolien\/wp-content\/uploads\/2024\/11\/Logo-Ademe-2020-898x1024.jpg 898w\" sizes=\"(max-width: 162px) 100vw, 162px\" \/><\/a> (Ademe)<\/strong><br \/>Etablissement public qui participe \u00e0 la mise en \u0153uvre des politiques publiques dans les domaines de l\u2019environnement, de l\u2019\u00e9nergie et du d\u00e9veloppement durable et qui aide au financement de projets.<\/p><p><a href=\"http:\/\/www.ademe.fr\/\" target=\"_blank\" rel=\"noopener\"><span style=\"color: #2e5f8f;\">http:\/\/www.ademe.fr<\/span><\/a><\/p>\t\t\t\t\t\t\t\t<\/div>\n\t\t\t\t\t<\/div>\n\t\t<\/div>\n\t\t\t\t\t<\/div>\n\t\t<\/section>\n\t\t\t\t<div class=\"elementor-element elementor-element-58832d1 elementor-widget elementor-widget-spacer\" data-id=\"58832d1\" data-element_type=\"widget\" data-e-type=\"widget\" data-widget_type=\"spacer.default\">\n\t\t\t\t\t\t\t<div class=\"elementor-spacer\">\n\t\t\t<div class=\"elementor-spacer-inner\"><\/div>\n\t\t<\/div>\n\t\t\t\t\t\t<\/div>\n\t\t\t\t<section class=\"elementor-section elementor-inner-section elementor-element elementor-element-4901983 elementor-section-boxed elementor-section-height-default elementor-section-height-default\" data-id=\"4901983\" data-element_type=\"section\" data-e-type=\"section\">\n\t\t\t\t\t\t<div class=\"elementor-container elementor-column-gap-default\">\n\t\t\t\t\t<div class=\"elementor-column elementor-col-50 elementor-inner-column elementor-element elementor-element-7b6919e\" data-id=\"7b6919e\" data-element_type=\"column\" data-e-type=\"column\">\n\t\t\t<div class=\"elementor-widget-wrap elementor-element-populated\">\n\t\t\t\t\t\t<div class=\"elementor-element elementor-element-f6757a3 elementor-widget elementor-widget-image\" data-id=\"f6757a3\" data-element_type=\"widget\" data-e-type=\"widget\" data-widget_type=\"image.default\">\n\t\t\t\t\t\t\t\t\t\t\t\t\t\t\t<img decoding=\"async\" width=\"200\" height=\"122\" src=\"https:\/\/www.journal-eolien.org\/tout-sur-l-eolien\/wp-content\/uploads\/2018\/02\/SDES.png\" class=\"attachment-full size-full wp-image-2288\" alt=\"\" \/>\t\t\t\t\t\t\t\t\t\t\t\t\t\t\t<\/div>\n\t\t\t\t\t<\/div>\n\t\t<\/div>\n\t\t\t\t<div class=\"elementor-column elementor-col-50 elementor-inner-column elementor-element elementor-element-205fc93\" data-id=\"205fc93\" data-element_type=\"column\" data-e-type=\"column\">\n\t\t\t<div class=\"elementor-widget-wrap elementor-element-populated\">\n\t\t\t\t\t\t<div class=\"elementor-element elementor-element-fe9144a elementor-widget elementor-widget-text-editor\" data-id=\"fe9144a\" data-element_type=\"widget\" data-e-type=\"widget\" data-widget_type=\"text-editor.default\">\n\t\t\t\t\t\t\t\t\t<p><strong>Service de la donn\u00e9e et des \u00e9tudes statistiques (SDES)<\/strong><br \/> Service rattach\u00e9 au Commissariat g\u00e9n\u00e9ral au d\u00e9veloppement durable qui assure les fonctions de service statistique pour les domaines de l\u2019environnement, de l\u2019\u00e9nergie, de la construction, du logement et des transports. Le SDES publie trimestriellement le tableau de bord de l&rsquo;\u00e9olien en France.<\/p><p><a href=\"http:\/\/www.statistiques.developpement-durable.gouv.fr\/accueil.html\" target=\"_blank\" rel=\"noopener\"><span style=\"color: #2e5f8f;\">http:\/\/www.statistiques.developpement-durable.gouv.fr<\/span><\/a><\/p>\t\t\t\t\t\t\t\t<\/div>\n\t\t\t\t\t<\/div>\n\t\t<\/div>\n\t\t\t\t\t<\/div>\n\t\t<\/section>\n\t\t\t\t\t<\/div>\n\t\t<\/div>\n\t\t\t\t\t<\/div>\n\t\t<\/section>\n\t\t\t\t<section class=\"elementor-section elementor-top-section elementor-element elementor-element-236870d elementor-section-boxed elementor-section-height-default elementor-section-height-default\" data-id=\"236870d\" data-element_type=\"section\" data-e-type=\"section\">\n\t\t\t\t\t\t<div class=\"elementor-container elementor-column-gap-default\">\n\t\t\t\t\t<div class=\"elementor-column elementor-col-100 elementor-top-column elementor-element elementor-element-4c6c2cb\" data-id=\"4c6c2cb\" data-element_type=\"column\" data-e-type=\"column\">\n\t\t\t<div class=\"elementor-widget-wrap elementor-element-populated\">\n\t\t\t\t\t\t<div class=\"elementor-element elementor-element-4940f24 elementor-widget elementor-widget-spacer\" data-id=\"4940f24\" data-element_type=\"widget\" data-e-type=\"widget\" data-widget_type=\"spacer.default\">\n\t\t\t\t\t\t\t<div class=\"elementor-spacer\">\n\t\t\t<div class=\"elementor-spacer-inner\"><\/div>\n\t\t<\/div>\n\t\t\t\t\t\t<\/div>\n\t\t\t\t<div class=\"elementor-element elementor-element-574990f elementor-widget elementor-widget-text-editor\" data-id=\"574990f\" data-element_type=\"widget\" data-e-type=\"widget\" data-widget_type=\"text-editor.default\">\n\t\t\t\t\t\t\t\t\t<h4><strong>Associations ou groupements professionnels<\/strong><\/h4>\t\t\t\t\t\t\t\t<\/div>\n\t\t\t\t\t<\/div>\n\t\t<\/div>\n\t\t\t\t\t<\/div>\n\t\t<\/section>\n\t\t\t\t<section class=\"elementor-section elementor-top-section elementor-element elementor-element-7fc4313 elementor-section-boxed elementor-section-height-default elementor-section-height-default\" data-id=\"7fc4313\" data-element_type=\"section\" data-e-type=\"section\">\n\t\t\t\t\t\t<div class=\"elementor-container elementor-column-gap-default\">\n\t\t\t\t\t<div class=\"elementor-column elementor-col-100 elementor-top-column elementor-element elementor-element-98e17f6\" data-id=\"98e17f6\" data-element_type=\"column\" data-e-type=\"column\">\n\t\t\t<div class=\"elementor-widget-wrap elementor-element-populated\">\n\t\t\t\t\t\t<div class=\"elementor-element elementor-element-0e0229e elementor-widget elementor-widget-spacer\" data-id=\"0e0229e\" data-element_type=\"widget\" data-e-type=\"widget\" data-widget_type=\"spacer.default\">\n\t\t\t\t\t\t\t<div class=\"elementor-spacer\">\n\t\t\t<div class=\"elementor-spacer-inner\"><\/div>\n\t\t<\/div>\n\t\t\t\t\t\t<\/div>\n\t\t\t\t<section class=\"elementor-section elementor-inner-section elementor-element elementor-element-e3a83c7 elementor-section-boxed elementor-section-height-default elementor-section-height-default\" data-id=\"e3a83c7\" data-element_type=\"section\" data-e-type=\"section\">\n\t\t\t\t\t\t<div class=\"elementor-container elementor-column-gap-default\">\n\t\t\t\t\t<div class=\"elementor-column elementor-col-50 elementor-inner-column elementor-element elementor-element-3ffb55d\" data-id=\"3ffb55d\" data-element_type=\"column\" data-e-type=\"column\">\n\t\t\t<div class=\"elementor-widget-wrap elementor-element-populated\">\n\t\t\t\t\t\t<div class=\"elementor-element elementor-element-9948f71 elementor-widget elementor-widget-image\" data-id=\"9948f71\" data-element_type=\"widget\" data-e-type=\"widget\" data-widget_type=\"image.default\">\n\t\t\t\t\t\t\t\t\t\t\t\t\t\t\t<img loading=\"lazy\" decoding=\"async\" width=\"200\" height=\"86\" src=\"https:\/\/www.journal-eolien.org\/tout-sur-l-eolien\/wp-content\/uploads\/2018\/01\/france-energie-eolienne.png\" class=\"attachment-full size-full wp-image-1775\" alt=\"\" \/>\t\t\t\t\t\t\t\t\t\t\t\t\t\t\t<\/div>\n\t\t\t\t\t<\/div>\n\t\t<\/div>\n\t\t\t\t<div class=\"elementor-column elementor-col-50 elementor-inner-column elementor-element elementor-element-52eae03\" data-id=\"52eae03\" data-element_type=\"column\" data-e-type=\"column\">\n\t\t\t<div class=\"elementor-widget-wrap elementor-element-populated\">\n\t\t\t\t\t\t<div class=\"elementor-element elementor-element-f81a3de elementor-widget elementor-widget-text-editor\" data-id=\"f81a3de\" data-element_type=\"widget\" data-e-type=\"widget\" data-widget_type=\"text-editor.default\">\n\t\t\t\t\t\t\t\t\t<p><strong>France Energie Eolienne (FEE)<\/strong><br \/> Association de promotion, de repr\u00e9sentation et de d\u00e9fense de l\u2019\u00e9nergie \u00e9olienne en France.<\/p><p><a href=\"http:\/\/fee.asso.fr\/\" target=\"_blank\" rel=\"noopener\">http:\/\/fee.asso.fr<\/a><\/p>\t\t\t\t\t\t\t\t<\/div>\n\t\t\t\t\t<\/div>\n\t\t<\/div>\n\t\t\t\t\t<\/div>\n\t\t<\/section>\n\t\t\t\t<div class=\"elementor-element elementor-element-3eade0d elementor-widget elementor-widget-spacer\" data-id=\"3eade0d\" data-element_type=\"widget\" data-e-type=\"widget\" data-widget_type=\"spacer.default\">\n\t\t\t\t\t\t\t<div class=\"elementor-spacer\">\n\t\t\t<div class=\"elementor-spacer-inner\"><\/div>\n\t\t<\/div>\n\t\t\t\t\t\t<\/div>\n\t\t\t\t<section class=\"elementor-section elementor-inner-section elementor-element elementor-element-0d1d71c elementor-section-boxed elementor-section-height-default elementor-section-height-default\" data-id=\"0d1d71c\" data-element_type=\"section\" data-e-type=\"section\">\n\t\t\t\t\t\t<div class=\"elementor-container elementor-column-gap-default\">\n\t\t\t\t\t<div class=\"elementor-column elementor-col-50 elementor-inner-column elementor-element elementor-element-f216755\" data-id=\"f216755\" data-element_type=\"column\" data-e-type=\"column\">\n\t\t\t<div class=\"elementor-widget-wrap elementor-element-populated\">\n\t\t\t\t\t\t<div class=\"elementor-element elementor-element-9841606 elementor-widget elementor-widget-image\" data-id=\"9841606\" data-element_type=\"widget\" data-e-type=\"widget\" data-widget_type=\"image.default\">\n\t\t\t\t\t\t\t\t\t\t\t\t\t\t\t<img loading=\"lazy\" decoding=\"async\" width=\"200\" height=\"130\" src=\"https:\/\/www.journal-eolien.org\/tout-sur-l-eolien\/wp-content\/uploads\/2018\/01\/Syndicat-des-energies-renouvelables.png\" class=\"attachment-full size-full wp-image-1776\" alt=\"\" \/>\t\t\t\t\t\t\t\t\t\t\t\t\t\t\t<\/div>\n\t\t\t\t\t<\/div>\n\t\t<\/div>\n\t\t\t\t<div class=\"elementor-column elementor-col-50 elementor-inner-column elementor-element elementor-element-c8e90ab\" data-id=\"c8e90ab\" data-element_type=\"column\" data-e-type=\"column\">\n\t\t\t<div class=\"elementor-widget-wrap elementor-element-populated\">\n\t\t\t\t\t\t<div class=\"elementor-element elementor-element-66b8ae3 elementor-widget elementor-widget-text-editor\" data-id=\"66b8ae3\" data-element_type=\"widget\" data-e-type=\"widget\" data-widget_type=\"text-editor.default\">\n\t\t\t\t\t\t\t\t\t<p><strong>Syndicat des Energies Renouvelables (SER)<br \/> <\/strong>Organisme de promouvotion des int\u00e9r\u00eats des industriels et des professionnels des \u00e9nergies renouvelables. Le SER anime des comissions sur les diff\u00e9rentes technologies renouvelables et l&rsquo;une d&rsquo;elle est consacr\u00e9e \u00e0 l&rsquo;\u00e9olien.<\/p><p><a href=\"http:\/\/www.enr.fr\/\" target=\"_blank\" rel=\"noopener\">http:\/\/www.enr.fr<\/a><\/p>\t\t\t\t\t\t\t\t<\/div>\n\t\t\t\t\t<\/div>\n\t\t<\/div>\n\t\t\t\t\t<\/div>\n\t\t<\/section>\n\t\t\t\t<div class=\"elementor-element elementor-element-27ef29c elementor-widget elementor-widget-spacer\" data-id=\"27ef29c\" data-element_type=\"widget\" data-e-type=\"widget\" data-widget_type=\"spacer.default\">\n\t\t\t\t\t\t\t<div class=\"elementor-spacer\">\n\t\t\t<div class=\"elementor-spacer-inner\"><\/div>\n\t\t<\/div>\n\t\t\t\t\t\t<\/div>\n\t\t\t\t<section class=\"elementor-section elementor-inner-section elementor-element elementor-element-8638eeb elementor-section-boxed elementor-section-height-default elementor-section-height-default\" data-id=\"8638eeb\" data-element_type=\"section\" data-e-type=\"section\">\n\t\t\t\t\t\t<div class=\"elementor-container elementor-column-gap-default\">\n\t\t\t\t\t<div class=\"elementor-column elementor-col-50 elementor-inner-column elementor-element elementor-element-652e311\" data-id=\"652e311\" data-element_type=\"column\" data-e-type=\"column\">\n\t\t\t<div class=\"elementor-widget-wrap elementor-element-populated\">\n\t\t\t\t\t\t<div class=\"elementor-element elementor-element-162b889 elementor-widget elementor-widget-image\" data-id=\"162b889\" data-element_type=\"widget\" data-e-type=\"widget\" data-widget_type=\"image.default\">\n\t\t\t\t\t\t\t\t\t\t\t\t\t\t\t<img loading=\"lazy\" decoding=\"async\" width=\"200\" height=\"90\" src=\"https:\/\/www.journal-eolien.org\/tout-sur-l-eolien\/wp-content\/uploads\/2018\/01\/windeurope.png\" class=\"attachment-full size-full wp-image-1740\" alt=\"\" \/>\t\t\t\t\t\t\t\t\t\t\t\t\t\t\t<\/div>\n\t\t\t\t\t<\/div>\n\t\t<\/div>\n\t\t\t\t<div class=\"elementor-column elementor-col-50 elementor-inner-column elementor-element elementor-element-fd9dcbd\" data-id=\"fd9dcbd\" data-element_type=\"column\" data-e-type=\"column\">\n\t\t\t<div class=\"elementor-widget-wrap elementor-element-populated\">\n\t\t\t\t\t\t<div class=\"elementor-element elementor-element-262139d elementor-widget elementor-widget-text-editor\" data-id=\"262139d\" data-element_type=\"widget\" data-e-type=\"widget\" data-widget_type=\"text-editor.default\">\n\t\t\t\t\t\t\t\t\t<p><strong>Wind Europe<\/strong><br \/> Association europ\u00e9enne de promotion et de d\u00e9veloppement de la fili\u00e8re \u00e9olienne.<\/p><p><a href=\"https:\/\/windeurope.org\/\" target=\"_blank\" rel=\"noopener\"><span style=\"color: #2e5f8f;\">https:\/\/windeurope.org<\/span><\/a><\/p>\t\t\t\t\t\t\t\t<\/div>\n\t\t\t\t\t<\/div>\n\t\t<\/div>\n\t\t\t\t\t<\/div>\n\t\t<\/section>\n\t\t\t\t<div class=\"elementor-element elementor-element-85f2042 elementor-widget elementor-widget-spacer\" data-id=\"85f2042\" data-element_type=\"widget\" data-e-type=\"widget\" data-widget_type=\"spacer.default\">\n\t\t\t\t\t\t\t<div class=\"elementor-spacer\">\n\t\t\t<div class=\"elementor-spacer-inner\"><\/div>\n\t\t<\/div>\n\t\t\t\t\t\t<\/div>\n\t\t\t\t<section class=\"elementor-section elementor-inner-section elementor-element elementor-element-0c21cec elementor-section-boxed elementor-section-height-default elementor-section-height-default\" data-id=\"0c21cec\" data-element_type=\"section\" data-e-type=\"section\">\n\t\t\t\t\t\t<div class=\"elementor-container elementor-column-gap-default\">\n\t\t\t\t\t<div class=\"elementor-column elementor-col-50 elementor-inner-column elementor-element elementor-element-981871f\" data-id=\"981871f\" data-element_type=\"column\" data-e-type=\"column\">\n\t\t\t<div class=\"elementor-widget-wrap elementor-element-populated\">\n\t\t\t\t\t\t<div class=\"elementor-element elementor-element-2076145 elementor-widget elementor-widget-image\" data-id=\"2076145\" data-element_type=\"widget\" data-e-type=\"widget\" data-widget_type=\"image.default\">\n\t\t\t\t\t\t\t\t\t\t\t\t\t\t\t<img loading=\"lazy\" decoding=\"async\" width=\"200\" height=\"200\" src=\"https:\/\/www.journal-eolien.org\/tout-sur-l-eolien\/wp-content\/uploads\/2018\/01\/W4F.png\" class=\"attachment-full size-full wp-image-1777\" alt=\"\" srcset=\"https:\/\/www.journal-eolien.org\/tout-sur-l-eolien\/wp-content\/uploads\/2018\/01\/W4F.png 200w, https:\/\/www.journal-eolien.org\/tout-sur-l-eolien\/wp-content\/uploads\/2018\/01\/W4F-150x150.png 150w\" sizes=\"(max-width: 200px) 100vw, 200px\" \/>\t\t\t\t\t\t\t\t\t\t\t\t\t\t\t<\/div>\n\t\t\t\t\t<\/div>\n\t\t<\/div>\n\t\t\t\t<div class=\"elementor-column elementor-col-50 elementor-inner-column elementor-element elementor-element-d005368\" data-id=\"d005368\" data-element_type=\"column\" data-e-type=\"column\">\n\t\t\t<div class=\"elementor-widget-wrap elementor-element-populated\">\n\t\t\t\t\t\t<div class=\"elementor-element elementor-element-696ab94 elementor-widget elementor-widget-text-editor\" data-id=\"696ab94\" data-element_type=\"widget\" data-e-type=\"widget\" data-widget_type=\"text-editor.default\">\n\t\t\t\t\t\t\t\t\t<p><strong>Wind For Future<\/strong><br \/> Groupement d\u2019entreprises du secteur de l\u2019\u00e9olien de la r\u00e9gion Grand-Est.<\/p><p><a href=\"http:\/\/www.windforfuture.com\/\" target=\"_blank\" rel=\"noopener\">http:\/\/www.windforfuture.com<\/a><\/p>\t\t\t\t\t\t\t\t<\/div>\n\t\t\t\t\t<\/div>\n\t\t<\/div>\n\t\t\t\t\t<\/div>\n\t\t<\/section>\n\t\t\t\t\t<\/div>\n\t\t<\/div>\n\t\t\t\t\t<\/div>\n\t\t<\/section>\n\t\t\t\t<section class=\"elementor-section elementor-top-section elementor-element elementor-element-e7b4790 elementor-section-boxed elementor-section-height-default elementor-section-height-default\" data-id=\"e7b4790\" data-element_type=\"section\" data-e-type=\"section\">\n\t\t\t\t\t\t<div class=\"elementor-container elementor-column-gap-default\">\n\t\t\t\t\t<div class=\"elementor-column elementor-col-100 elementor-top-column elementor-element elementor-element-b43a713\" data-id=\"b43a713\" data-element_type=\"column\" data-e-type=\"column\">\n\t\t\t<div class=\"elementor-widget-wrap elementor-element-populated\">\n\t\t\t\t\t\t<div class=\"elementor-element elementor-element-2bb012e elementor-widget elementor-widget-spacer\" data-id=\"2bb012e\" data-element_type=\"widget\" data-e-type=\"widget\" data-widget_type=\"spacer.default\">\n\t\t\t\t\t\t\t<div class=\"elementor-spacer\">\n\t\t\t<div class=\"elementor-spacer-inner\"><\/div>\n\t\t<\/div>\n\t\t\t\t\t\t<\/div>\n\t\t\t\t<div class=\"elementor-element elementor-element-88c7db6 elementor-widget elementor-widget-text-editor\" data-id=\"88c7db6\" data-element_type=\"widget\" data-e-type=\"widget\" data-widget_type=\"text-editor.default\">\n\t\t\t\t\t\t\t\t\t<h4><strong>Association et r\u00e9seaux \u00e9nergies renouvelables<\/strong><\/h4>\t\t\t\t\t\t\t\t<\/div>\n\t\t\t\t\t<\/div>\n\t\t<\/div>\n\t\t\t\t\t<\/div>\n\t\t<\/section>\n\t\t\t\t<section class=\"elementor-section elementor-top-section elementor-element elementor-element-70a450c elementor-section-boxed elementor-section-height-default elementor-section-height-default\" data-id=\"70a450c\" data-element_type=\"section\" data-e-type=\"section\">\n\t\t\t\t\t\t<div class=\"elementor-container elementor-column-gap-default\">\n\t\t\t\t\t<div class=\"elementor-column elementor-col-100 elementor-top-column elementor-element elementor-element-f7bcb85\" data-id=\"f7bcb85\" data-element_type=\"column\" data-e-type=\"column\">\n\t\t\t<div class=\"elementor-widget-wrap elementor-element-populated\">\n\t\t\t\t\t\t<section class=\"elementor-section elementor-inner-section elementor-element elementor-element-a13f22f elementor-section-boxed elementor-section-height-default elementor-section-height-default\" data-id=\"a13f22f\" data-element_type=\"section\" data-e-type=\"section\">\n\t\t\t\t\t\t<div class=\"elementor-container elementor-column-gap-default\">\n\t\t\t\t\t<div class=\"elementor-column elementor-col-100 elementor-inner-column elementor-element elementor-element-9f336e9\" data-id=\"9f336e9\" data-element_type=\"column\" data-e-type=\"column\">\n\t\t\t<div class=\"elementor-widget-wrap elementor-element-populated\">\n\t\t\t\t\t\t<div class=\"elementor-element elementor-element-3ba5c97 elementor-widget elementor-widget-text-editor\" data-id=\"3ba5c97\" data-element_type=\"widget\" data-e-type=\"widget\" data-widget_type=\"text-editor.default\">\n\t\t\t\t\t\t\t\t\t<p><strong><a href=\"https:\/\/www.journal-eolien.org\/tout-sur-l-eolien\/wp-content\/uploads\/2024\/11\/FNCCR.jpg\"><img loading=\"lazy\" decoding=\"async\" class=\" wp-image-4039 alignleft\" src=\"https:\/\/www.journal-eolien.org\/tout-sur-l-eolien\/wp-content\/uploads\/2024\/11\/FNCCR.jpg\" alt=\"\" width=\"168\" height=\"112\" srcset=\"https:\/\/www.journal-eolien.org\/tout-sur-l-eolien\/wp-content\/uploads\/2024\/11\/FNCCR.jpg 480w, https:\/\/www.journal-eolien.org\/tout-sur-l-eolien\/wp-content\/uploads\/2024\/11\/FNCCR-300x200.jpg 300w\" sizes=\"(max-width: 168px) 100vw, 168px\" \/><\/a>FNCCR<\/strong><br \/>La FNCCR est la f\u00e9d\u00e9ration nationale des collectivit\u00e9s d\u00e9volue au services publics locaux en r\u00e9seau : \u00e9nergie, cycles de l\u2019eau, d\u00e9chets, num\u00e9rique<\/p><p><a href=\"http:\/\/www.fnccr.asso.fr\" target=\"_blank\" rel=\"noopener\">http:\/\/www.fnccr.asso.fr<\/a><\/p>\t\t\t\t\t\t\t\t<\/div>\n\t\t\t\t\t<\/div>\n\t\t<\/div>\n\t\t\t\t\t<\/div>\n\t\t<\/section>\n\t\t\t\t<section class=\"elementor-section elementor-inner-section elementor-element elementor-element-7120956 elementor-section-boxed elementor-section-height-default elementor-section-height-default\" data-id=\"7120956\" data-element_type=\"section\" data-e-type=\"section\">\n\t\t\t\t\t\t<div class=\"elementor-container elementor-column-gap-default\">\n\t\t\t\t\t<div class=\"elementor-column elementor-col-100 elementor-inner-column elementor-element elementor-element-f84dd74\" data-id=\"f84dd74\" data-element_type=\"column\" data-e-type=\"column\">\n\t\t\t<div class=\"elementor-widget-wrap elementor-element-populated\">\n\t\t\t\t\t\t\t<\/div>\n\t\t<\/div>\n\t\t\t\t\t<\/div>\n\t\t<\/section>\n\t\t\t\t<section class=\"elementor-section elementor-inner-section elementor-element elementor-element-e376475 elementor-section-boxed elementor-section-height-default elementor-section-height-default\" data-id=\"e376475\" data-element_type=\"section\" data-e-type=\"section\">\n\t\t\t\t\t\t<div class=\"elementor-container elementor-column-gap-default\">\n\t\t\t\t\t<div class=\"elementor-column elementor-col-50 elementor-inner-column elementor-element elementor-element-75fc6c1\" data-id=\"75fc6c1\" data-element_type=\"column\" data-e-type=\"column\">\n\t\t\t<div class=\"elementor-widget-wrap elementor-element-populated\">\n\t\t\t\t\t\t<div class=\"elementor-element elementor-element-991dbe1 elementor-widget elementor-widget-image\" data-id=\"991dbe1\" data-element_type=\"widget\" data-e-type=\"widget\" data-widget_type=\"image.default\">\n\t\t\t\t\t\t\t\t\t\t\t\t\t\t\t<img loading=\"lazy\" decoding=\"async\" width=\"200\" height=\"103\" src=\"https:\/\/www.journal-eolien.org\/tout-sur-l-eolien\/wp-content\/uploads\/2018\/01\/amorce.png\" class=\"attachment-full size-full wp-image-1772\" alt=\"\" \/>\t\t\t\t\t\t\t\t\t\t\t\t\t\t\t<\/div>\n\t\t\t\t\t<\/div>\n\t\t<\/div>\n\t\t\t\t<div class=\"elementor-column elementor-col-50 elementor-inner-column elementor-element elementor-element-68b7d10\" data-id=\"68b7d10\" data-element_type=\"column\" data-e-type=\"column\">\n\t\t\t<div class=\"elementor-widget-wrap elementor-element-populated\">\n\t\t\t\t\t\t<div class=\"elementor-element elementor-element-b169708 elementor-widget elementor-widget-text-editor\" data-id=\"b169708\" data-element_type=\"widget\" data-e-type=\"widget\" data-widget_type=\"text-editor.default\">\n\t\t\t\t\t\t\t\t\t<p><strong>Amorce<\/strong><br \/>R\u00e9seau d&rsquo;information, de partage d&rsquo;exp\u00e9rience et d&rsquo;accompagnement des collectivit\u00e9s en mati\u00e8re de politiques Energie-Climat.<\/p><p><a href=\"http:\/\/www.amorce.asso.fr\/\" target=\"_blank\" rel=\"noopener\">http:\/\/www.amorce.asso.fr<\/a><\/p>\t\t\t\t\t\t\t\t<\/div>\n\t\t\t\t\t<\/div>\n\t\t<\/div>\n\t\t\t\t\t<\/div>\n\t\t<\/section>\n\t\t\t\t<div class=\"elementor-element elementor-element-8d7e268 elementor-widget elementor-widget-spacer\" data-id=\"8d7e268\" data-element_type=\"widget\" data-e-type=\"widget\" data-widget_type=\"spacer.default\">\n\t\t\t\t\t\t\t<div class=\"elementor-spacer\">\n\t\t\t<div class=\"elementor-spacer-inner\"><\/div>\n\t\t<\/div>\n\t\t\t\t\t\t<\/div>\n\t\t\t\t<section class=\"elementor-section elementor-inner-section elementor-element elementor-element-22c3ceb elementor-section-boxed elementor-section-height-default elementor-section-height-default\" data-id=\"22c3ceb\" data-element_type=\"section\" data-e-type=\"section\">\n\t\t\t\t\t\t<div class=\"elementor-container elementor-column-gap-default\">\n\t\t\t\t\t<div class=\"elementor-column elementor-col-50 elementor-inner-column elementor-element elementor-element-2edc667\" data-id=\"2edc667\" data-element_type=\"column\" data-e-type=\"column\">\n\t\t\t<div class=\"elementor-widget-wrap elementor-element-populated\">\n\t\t\t\t\t\t<div class=\"elementor-element elementor-element-39fde21 elementor-widget elementor-widget-image\" data-id=\"39fde21\" data-element_type=\"widget\" data-e-type=\"widget\" data-widget_type=\"image.default\">\n\t\t\t\t\t\t\t\t\t\t\t\t\t\t\t<img loading=\"lazy\" decoding=\"async\" width=\"200\" height=\"211\" src=\"https:\/\/www.journal-eolien.org\/tout-sur-l-eolien\/wp-content\/uploads\/2018\/01\/Energie-partagee-mouvement.png\" class=\"attachment-full size-full wp-image-1774\" alt=\"\" \/>\t\t\t\t\t\t\t\t\t\t\t\t\t\t\t<\/div>\n\t\t\t\t\t<\/div>\n\t\t<\/div>\n\t\t\t\t<div class=\"elementor-column elementor-col-50 elementor-inner-column elementor-element elementor-element-00408db\" data-id=\"00408db\" data-element_type=\"column\" data-e-type=\"column\">\n\t\t\t<div class=\"elementor-widget-wrap elementor-element-populated\">\n\t\t\t\t\t\t<div class=\"elementor-element elementor-element-2339009 elementor-widget elementor-widget-text-editor\" data-id=\"2339009\" data-element_type=\"widget\" data-e-type=\"widget\" data-widget_type=\"text-editor.default\">\n\t\t\t\t\t\t\t\t\t<p><strong>\u00c9nergie partag\u00e9e<br \/><\/strong>Association qui essaime, accompagne et finance des projets citoyens de production d\u2019\u00e9nergie renouvelable.<\/p><p><a href=\"https:\/\/energie-partagee.org\/\" target=\"_blank\" rel=\"noopener\">https:\/\/energie-partagee.org<\/a><\/p>\t\t\t\t\t\t\t\t<\/div>\n\t\t\t\t\t<\/div>\n\t\t<\/div>\n\t\t\t\t\t<\/div>\n\t\t<\/section>\n\t\t\t\t<div class=\"elementor-element elementor-element-5bf215c elementor-widget elementor-widget-spacer\" data-id=\"5bf215c\" data-element_type=\"widget\" data-e-type=\"widget\" data-widget_type=\"spacer.default\">\n\t\t\t\t\t\t\t<div class=\"elementor-spacer\">\n\t\t\t<div class=\"elementor-spacer-inner\"><\/div>\n\t\t<\/div>\n\t\t\t\t\t\t<\/div>\n\t\t\t\t<section class=\"elementor-section elementor-inner-section elementor-element elementor-element-3efcb10 elementor-section-boxed elementor-section-height-default elementor-section-height-default\" data-id=\"3efcb10\" data-element_type=\"section\" data-e-type=\"section\">\n\t\t\t\t\t\t<div class=\"elementor-container elementor-column-gap-default\">\n\t\t\t\t\t<div class=\"elementor-column elementor-col-50 elementor-inner-column elementor-element elementor-element-2ff8aab\" data-id=\"2ff8aab\" data-element_type=\"column\" data-e-type=\"column\">\n\t\t\t<div class=\"elementor-widget-wrap elementor-element-populated\">\n\t\t\t\t\t\t<div class=\"elementor-element elementor-element-d802602 elementor-widget elementor-widget-image\" data-id=\"d802602\" data-element_type=\"widget\" data-e-type=\"widget\" data-widget_type=\"image.default\">\n\t\t\t\t\t\t\t\t\t\t\t\t\t\t\t<img loading=\"lazy\" decoding=\"async\" width=\"200\" height=\"129\" src=\"https:\/\/www.journal-eolien.org\/tout-sur-l-eolien\/wp-content\/uploads\/2018\/01\/observer.png\" class=\"attachment-full size-full wp-image-1778\" alt=\"\" \/>\t\t\t\t\t\t\t\t\t\t\t\t\t\t\t<\/div>\n\t\t\t\t\t<\/div>\n\t\t<\/div>\n\t\t\t\t<div class=\"elementor-column elementor-col-50 elementor-inner-column elementor-element elementor-element-c449e75\" data-id=\"c449e75\" data-element_type=\"column\" data-e-type=\"column\">\n\t\t\t<div class=\"elementor-widget-wrap elementor-element-populated\">\n\t\t\t\t\t\t<div class=\"elementor-element elementor-element-e9e137f elementor-widget elementor-widget-text-editor\" data-id=\"e9e137f\" data-element_type=\"widget\" data-e-type=\"widget\" data-widget_type=\"text-editor.default\">\n\t\t\t\t\t\t\t\t\t<p><strong>Observatoire des Energies Renouvelables (Observ&rsquo;ER)<\/strong><br \/> Association d\u00e9di\u00e9e \u00e0 l&rsquo;information et la promotion des \u00e9nergies renouvelables en France et en Europe. Observ&rsquo;ER \u00e9dite le Journal de l&rsquo;\u00c9olien.<\/p><p><a href=\"http:\/\/www.energies-renouvelables.org\/\" target=\"_blank\" rel=\"noopener\">http:\/\/www.energies-renouvelables.org<\/a><\/p>\t\t\t\t\t\t\t\t<\/div>\n\t\t\t\t\t<\/div>\n\t\t<\/div>\n\t\t\t\t\t<\/div>\n\t\t<\/section>\n\t\t\t\t\t<\/div>\n\t\t<\/div>\n\t\t\t\t\t<\/div>\n\t\t<\/section>\n\t\t\t\t<section class=\"elementor-section elementor-top-section elementor-element elementor-element-19c30ea elementor-section-boxed elementor-section-height-default elementor-section-height-default\" data-id=\"19c30ea\" data-element_type=\"section\" data-e-type=\"section\">\n\t\t\t\t\t\t<div class=\"elementor-container elementor-column-gap-default\">\n\t\t\t\t\t<div class=\"elementor-column elementor-col-100 elementor-top-column elementor-element elementor-element-0b31387\" data-id=\"0b31387\" data-element_type=\"column\" data-e-type=\"column\">\n\t\t\t<div class=\"elementor-widget-wrap elementor-element-populated\">\n\t\t\t\t\t\t<div class=\"elementor-element elementor-element-6591973 elementor-widget elementor-widget-spacer\" data-id=\"6591973\" data-element_type=\"widget\" data-e-type=\"widget\" data-widget_type=\"spacer.default\">\n\t\t\t\t\t\t\t<div class=\"elementor-spacer\">\n\t\t\t<div class=\"elementor-spacer-inner\"><\/div>\n\t\t<\/div>\n\t\t\t\t\t\t<\/div>\n\t\t\t\t\t<\/div>\n\t\t<\/div>\n\t\t\t\t\t<\/div>\n\t\t<\/section>\n\t\t\t\t<\/div>\n\t\t","protected":false},"excerpt":{"rendered":"<p>RESSOURCES Organismes Institutionnels nationaux Agence de la transition \u00e9cologique (Ademe)Etablissement public qui participe \u00e0 la mise en \u0153uvre des politiques publiques dans les domaines de l\u2019environnement, de l\u2019\u00e9nergie et du d\u00e9veloppement durable et qui aide au financement de projets. http:\/\/www.ademe.fr Service de la donn\u00e9e et des \u00e9tudes statistiques (SDES) Service rattach\u00e9 au Commissariat g\u00e9n\u00e9ral au [&hellip;]<\/p>\n","protected":false},"author":1,"featured_media":0,"parent":0,"menu_order":0,"comment_status":"closed","ping_status":"closed","template":"","meta":{"footnotes":""},"class_list":["post-2314","page","type-page","status-publish","hentry"],"yoast_head":"<!-- This site is optimized with the Yoast SEO plugin v27.4 - https:\/\/yoast.com\/product\/yoast-seo-wordpress\/ -->\n<title>Organismes - Journal de l&#039;\u00e9olien - Tout sur l&#039;\u00e9olien<\/title>\n<meta name=\"robots\" content=\"index, follow, max-snippet:-1, max-image-preview:large, max-video-preview:-1\" \/>\n<link rel=\"canonical\" href=\"https:\/\/www.journal-eolien.org\/tout-sur-l-eolien\/organismes\/\" \/>\n<meta property=\"og:locale\" content=\"fr_FR\" \/>\n<meta property=\"og:type\" content=\"article\" \/>\n<meta property=\"og:title\" content=\"Organismes - Journal de l&#039;\u00e9olien - Tout sur l&#039;\u00e9olien\" \/>\n<meta property=\"og:description\" content=\"RESSOURCES Organismes Institutionnels nationaux Agence de la transition \u00e9cologique (Ademe)Etablissement public qui participe \u00e0 la mise en \u0153uvre des politiques publiques dans les domaines de l\u2019environnement, de l\u2019\u00e9nergie et du d\u00e9veloppement durable et qui aide au financement de projets. http:\/\/www.ademe.fr Service de la donn\u00e9e et des \u00e9tudes statistiques (SDES) Service rattach\u00e9 au Commissariat g\u00e9n\u00e9ral au [&hellip;]\" \/>\n<meta property=\"og:url\" content=\"https:\/\/www.journal-eolien.org\/tout-sur-l-eolien\/organismes\/\" \/>\n<meta property=\"og:site_name\" content=\"Journal de l&#039;\u00e9olien - Tout sur l&#039;\u00e9olien\" \/>\n<meta property=\"article:modified_time\" content=\"2024-11-25T11:23:42+00:00\" \/>\n<meta property=\"og:image\" content=\"https:\/\/www.journal-eolien.org\/tout-sur-l-eolien\/wp-content\/uploads\/2017\/11\/ressources.png\" \/>\n\t<meta property=\"og:image:width\" content=\"84\" \/>\n\t<meta property=\"og:image:height\" content=\"93\" \/>\n\t<meta property=\"og:image:type\" content=\"image\/png\" \/>\n<meta name=\"twitter:card\" content=\"summary_large_image\" \/>\n<meta name=\"twitter:label1\" content=\"Dur\u00e9e de lecture estim\u00e9e\" \/>\n\t<meta name=\"twitter:data1\" content=\"2 minutes\" \/>\n<script type=\"application\/ld+json\" class=\"yoast-schema-graph\">{\"@context\":\"https:\\\/\\\/schema.org\",\"@graph\":[{\"@type\":\"WebPage\",\"@id\":\"https:\\\/\\\/www.journal-eolien.org\\\/tout-sur-l-eolien\\\/organismes\\\/\",\"url\":\"https:\\\/\\\/www.journal-eolien.org\\\/tout-sur-l-eolien\\\/organismes\\\/\",\"name\":\"Organismes - Journal de l&#039;\u00e9olien - Tout sur l&#039;\u00e9olien\",\"isPartOf\":{\"@id\":\"https:\\\/\\\/www.journal-eolien.org\\\/tout-sur-l-eolien\\\/#website\"},\"primaryImageOfPage\":{\"@id\":\"https:\\\/\\\/www.journal-eolien.org\\\/tout-sur-l-eolien\\\/organismes\\\/#primaryimage\"},\"image\":{\"@id\":\"https:\\\/\\\/www.journal-eolien.org\\\/tout-sur-l-eolien\\\/organismes\\\/#primaryimage\"},\"thumbnailUrl\":\"https:\\\/\\\/www.journal-eolien.org\\\/tout-sur-l-eolien\\\/wp-content\\\/uploads\\\/2017\\\/11\\\/ressources.png\",\"datePublished\":\"2018-02-01T16:14:49+00:00\",\"dateModified\":\"2024-11-25T11:23:42+00:00\",\"breadcrumb\":{\"@id\":\"https:\\\/\\\/www.journal-eolien.org\\\/tout-sur-l-eolien\\\/organismes\\\/#breadcrumb\"},\"inLanguage\":\"fr-FR\",\"potentialAction\":[{\"@type\":\"ReadAction\",\"target\":[\"https:\\\/\\\/www.journal-eolien.org\\\/tout-sur-l-eolien\\\/organismes\\\/\"]}]},{\"@type\":\"ImageObject\",\"inLanguage\":\"fr-FR\",\"@id\":\"https:\\\/\\\/www.journal-eolien.org\\\/tout-sur-l-eolien\\\/organismes\\\/#primaryimage\",\"url\":\"https:\\\/\\\/www.journal-eolien.org\\\/tout-sur-l-eolien\\\/wp-content\\\/uploads\\\/2017\\\/11\\\/ressources.png\",\"contentUrl\":\"https:\\\/\\\/www.journal-eolien.org\\\/tout-sur-l-eolien\\\/wp-content\\\/uploads\\\/2017\\\/11\\\/ressources.png\",\"width\":84,\"height\":93,\"caption\":\"Picto lexique\"},{\"@type\":\"BreadcrumbList\",\"@id\":\"https:\\\/\\\/www.journal-eolien.org\\\/tout-sur-l-eolien\\\/organismes\\\/#breadcrumb\",\"itemListElement\":[{\"@type\":\"ListItem\",\"position\":1,\"name\":\"Accueil\",\"item\":\"https:\\\/\\\/www.journal-eolien.org\\\/tout-sur-l-eolien\\\/\"},{\"@type\":\"ListItem\",\"position\":2,\"name\":\"Organismes\"}]},{\"@type\":\"WebSite\",\"@id\":\"https:\\\/\\\/www.journal-eolien.org\\\/tout-sur-l-eolien\\\/#website\",\"url\":\"https:\\\/\\\/www.journal-eolien.org\\\/tout-sur-l-eolien\\\/\",\"name\":\"Journal de l&#039;\u00e9olien - Tout sur l&#039;\u00e9olien\",\"description\":\"\",\"potentialAction\":[{\"@type\":\"SearchAction\",\"target\":{\"@type\":\"EntryPoint\",\"urlTemplate\":\"https:\\\/\\\/www.journal-eolien.org\\\/tout-sur-l-eolien\\\/?s={search_term_string}\"},\"query-input\":{\"@type\":\"PropertyValueSpecification\",\"valueRequired\":true,\"valueName\":\"search_term_string\"}}],\"inLanguage\":\"fr-FR\"}]}<\/script>\n<!-- \/ Yoast SEO plugin. -->","yoast_head_json":{"title":"Organismes - Journal de l&#039;\u00e9olien - Tout sur l&#039;\u00e9olien","robots":{"index":"index","follow":"follow","max-snippet":"max-snippet:-1","max-image-preview":"max-image-preview:large","max-video-preview":"max-video-preview:-1"},"canonical":"https:\/\/www.journal-eolien.org\/tout-sur-l-eolien\/organismes\/","og_locale":"fr_FR","og_type":"article","og_title":"Organismes - Journal de l&#039;\u00e9olien - Tout sur l&#039;\u00e9olien","og_description":"RESSOURCES Organismes Institutionnels nationaux Agence de la transition \u00e9cologique (Ademe)Etablissement public qui participe \u00e0 la mise en \u0153uvre des politiques publiques dans les domaines de l\u2019environnement, de l\u2019\u00e9nergie et du d\u00e9veloppement durable et qui aide au financement de projets. http:\/\/www.ademe.fr Service de la donn\u00e9e et des \u00e9tudes statistiques (SDES) Service rattach\u00e9 au Commissariat g\u00e9n\u00e9ral au [&hellip;]","og_url":"https:\/\/www.journal-eolien.org\/tout-sur-l-eolien\/organismes\/","og_site_name":"Journal de l&#039;\u00e9olien - Tout sur l&#039;\u00e9olien","article_modified_time":"2024-11-25T11:23:42+00:00","og_image":[{"width":84,"height":93,"url":"https:\/\/www.journal-eolien.org\/tout-sur-l-eolien\/wp-content\/uploads\/2017\/11\/ressources.png","type":"image\/png"}],"twitter_card":"summary_large_image","twitter_misc":{"Dur\u00e9e de lecture estim\u00e9e":"2 minutes"},"schema":{"@context":"https:\/\/schema.org","@graph":[{"@type":"WebPage","@id":"https:\/\/www.journal-eolien.org\/tout-sur-l-eolien\/organismes\/","url":"https:\/\/www.journal-eolien.org\/tout-sur-l-eolien\/organismes\/","name":"Organismes - Journal de l&#039;\u00e9olien - Tout sur l&#039;\u00e9olien","isPartOf":{"@id":"https:\/\/www.journal-eolien.org\/tout-sur-l-eolien\/#website"},"primaryImageOfPage":{"@id":"https:\/\/www.journal-eolien.org\/tout-sur-l-eolien\/organismes\/#primaryimage"},"image":{"@id":"https:\/\/www.journal-eolien.org\/tout-sur-l-eolien\/organismes\/#primaryimage"},"thumbnailUrl":"https:\/\/www.journal-eolien.org\/tout-sur-l-eolien\/wp-content\/uploads\/2017\/11\/ressources.png","datePublished":"2018-02-01T16:14:49+00:00","dateModified":"2024-11-25T11:23:42+00:00","breadcrumb":{"@id":"https:\/\/www.journal-eolien.org\/tout-sur-l-eolien\/organismes\/#breadcrumb"},"inLanguage":"fr-FR","potentialAction":[{"@type":"ReadAction","target":["https:\/\/www.journal-eolien.org\/tout-sur-l-eolien\/organismes\/"]}]},{"@type":"ImageObject","inLanguage":"fr-FR","@id":"https:\/\/www.journal-eolien.org\/tout-sur-l-eolien\/organismes\/#primaryimage","url":"https:\/\/www.journal-eolien.org\/tout-sur-l-eolien\/wp-content\/uploads\/2017\/11\/ressources.png","contentUrl":"https:\/\/www.journal-eolien.org\/tout-sur-l-eolien\/wp-content\/uploads\/2017\/11\/ressources.png","width":84,"height":93,"caption":"Picto lexique"},{"@type":"BreadcrumbList","@id":"https:\/\/www.journal-eolien.org\/tout-sur-l-eolien\/organismes\/#breadcrumb","itemListElement":[{"@type":"ListItem","position":1,"name":"Accueil","item":"https:\/\/www.journal-eolien.org\/tout-sur-l-eolien\/"},{"@type":"ListItem","position":2,"name":"Organismes"}]},{"@type":"WebSite","@id":"https:\/\/www.journal-eolien.org\/tout-sur-l-eolien\/#website","url":"https:\/\/www.journal-eolien.org\/tout-sur-l-eolien\/","name":"Journal de l&#039;\u00e9olien - Tout sur l&#039;\u00e9olien","description":"","potentialAction":[{"@type":"SearchAction","target":{"@type":"EntryPoint","urlTemplate":"https:\/\/www.journal-eolien.org\/tout-sur-l-eolien\/?s={search_term_string}"},"query-input":{"@type":"PropertyValueSpecification","valueRequired":true,"valueName":"search_term_string"}}],"inLanguage":"fr-FR"}]}},"_links":{"self":[{"href":"https:\/\/www.journal-eolien.org\/tout-sur-l-eolien\/wp-json\/wp\/v2\/pages\/2314","targetHints":{"allow":["GET"]}}],"collection":[{"href":"https:\/\/www.journal-eolien.org\/tout-sur-l-eolien\/wp-json\/wp\/v2\/pages"}],"about":[{"href":"https:\/\/www.journal-eolien.org\/tout-sur-l-eolien\/wp-json\/wp\/v2\/types\/page"}],"author":[{"embeddable":true,"href":"https:\/\/www.journal-eolien.org\/tout-sur-l-eolien\/wp-json\/wp\/v2\/users\/1"}],"replies":[{"embeddable":true,"href":"https:\/\/www.journal-eolien.org\/tout-sur-l-eolien\/wp-json\/wp\/v2\/comments?post=2314"}],"version-history":[{"count":3,"href":"https:\/\/www.journal-eolien.org\/tout-sur-l-eolien\/wp-json\/wp\/v2\/pages\/2314\/revisions"}],"predecessor-version":[{"id":4048,"href":"https:\/\/www.journal-eolien.org\/tout-sur-l-eolien\/wp-json\/wp\/v2\/pages\/2314\/revisions\/4048"}],"wp:attachment":[{"href":"https:\/\/www.journal-eolien.org\/tout-sur-l-eolien\/wp-json\/wp\/v2\/media?parent=2314"}],"curies":[{"name":"wp","href":"https:\/\/api.w.org\/{rel}","templated":true}]}}