




















{"version":"1.0","provider_name":"Journal de l&#039;\u00e9olien - Tout sur l&#039;\u00e9olien","provider_url":"https:\/\/www.journal-eolien.org\/tout-sur-l-eolien","author_name":"admin","author_url":"https:\/\/www.journal-eolien.org\/tout-sur-l-eolien\/author\/admin\/","title":"L\u2019impact sonore des \u00e9oliennes - Journal de l&#039;\u00e9olien - Tout sur l&#039;\u00e9olien","type":"rich","width":600,"height":338,"html":"<blockquote class=\"wp-embedded-content\" data-secret=\"tceZiVBzBN\"><a href=\"https:\/\/www.journal-eolien.org\/tout-sur-l-eolien\/impact-sonore-des-eoliennes\/\">L\u2019impact sonore des \u00e9oliennes<\/a><\/blockquote><iframe sandbox=\"allow-scripts\" security=\"restricted\" src=\"https:\/\/www.journal-eolien.org\/tout-sur-l-eolien\/impact-sonore-des-eoliennes\/embed\/#?secret=tceZiVBzBN\" width=\"600\" height=\"338\" title=\"\u00ab\u00a0L\u2019impact sonore des \u00e9oliennes\u00a0\u00bb &#8212; Journal de l&#039;\u00e9olien - Tout sur l&#039;\u00e9olien\" data-secret=\"tceZiVBzBN\" frameborder=\"0\" marginwidth=\"0\" marginheight=\"0\" scrolling=\"no\" class=\"wp-embedded-content\"><\/iframe><script type=\"text\/javascript\">\n\/* <![CDATA[ *\/\n\/*! This file is auto-generated *\/\n!function(d,l){\"use strict\";l.querySelector&&d.addEventListener&&\"undefined\"!=typeof URL&&(d.wp=d.wp||{},d.wp.receiveEmbedMessage||(d.wp.receiveEmbedMessage=function(e){var t=e.data;if((t||t.secret||t.message||t.value)&&!\/[^a-zA-Z0-9]\/.test(t.secret)){for(var s,r,n,a=l.querySelectorAll('iframe[data-secret=\"'+t.secret+'\"]'),o=l.querySelectorAll('blockquote[data-secret=\"'+t.secret+'\"]'),c=new RegExp(\"^https?:$\",\"i\"),i=0;i<o.length;i++)o[i].style.display=\"none\";for(i=0;i<a.length;i++)s=a[i],e.source===s.contentWindow&&(s.removeAttribute(\"style\"),\"height\"===t.message?(1e3<(r=parseInt(t.value,10))?r=1e3:~~r<200&&(r=200),s.height=r):\"link\"===t.message&&(r=new URL(s.getAttribute(\"src\")),n=new URL(t.value),c.test(n.protocol))&&n.host===r.host&&l.activeElement===s&&(d.top.location.href=t.value))}},d.addEventListener(\"message\",d.wp.receiveEmbedMessage,!1),l.addEventListener(\"DOMContentLoaded\",function(){for(var e,t,s=l.querySelectorAll(\"iframe.wp-embedded-content\"),r=0;r<s.length;r++)(t=(e=s[r]).getAttribute(\"data-secret\"))||(t=Math.random().toString(36).substring(2,12),e.src+=\"#?secret=\"+t,e.setAttribute(\"data-secret\",t)),e.contentWindow.postMessage({message:\"ready\",secret:t},\"*\")},!1)))}(window,document);\n\/\/# sourceURL=https:\/\/www.journal-eolien.org\/tout-sur-l-eolien\/wp-includes\/js\/wp-embed.min.js\n\/* ]]> *\/\n<\/script>\n","description":"technologies &amp; enjeux \/ Eolien et environnement L\u2019impact sonore des \u00e9oliennes L\u2019\u00e9olien pose la question des nuisances sonores. En France les \u00e9missions sonores des \u00e9oliennes sont tr\u00e8s r\u00e9glement\u00e9es et les plaintes des riverains sont rares. L\u2019acoustique des sites \u00e9oliens sont est r\u00e8glement\u00e9 par l\u2019arr\u00eat\u00e9 ICPE du 26 ao\u00fbt 2011 , applicable, depuis le 1er janvier [&hellip;]","thumbnail_url":"https:\/\/www.journal-eolien.org\/tout-sur-l-eolien\/wp-content\/uploads\/2017\/11\/technologies-enjeux.png","thumbnail_width":84,"thumbnail_height":93}